{"id":24938,"date":"2023-09-21T17:35:27","date_gmt":"2023-09-21T15:35:27","guid":{"rendered":"https:\/\/web.ilip.it\/?page_id=24938"},"modified":"2025-05-22T12:27:52","modified_gmt":"2025-05-22T10:27:52","slug":"reducir","status":"publish","type":"page","link":"https:\/\/www.ilip.it\/es\/sostenibilidad\/reducir\/","title":{"rendered":"Reducir"},"content":{"rendered":"<div class=\"wpb-content-wrapper\"><p>[vc_row full_width=\u00bbstretch_row_content_no_spaces\u00bb content_placement=\u00bbmiddle\u00bb css=\u00bb.vc_custom_1697121251423{background-image: url(https:\/\/www.ilip.it\/wp-content\/uploads\/2017\/10\/ilip-cura-cibo-ambiente-futuro.jpg?id=289) !important;background-position: center !important;background-repeat: no-repeat !important;background-size: cover !important;}\u00bb][vc_column width=\u00bb1\/2&#8243;][\/vc_column][vc_column css_animation=\u00bbright-to-left\u00bb width=\u00bb5\/6&#8243; el_class=\u00bbbackground-linear-gradient-azure shadow-inside\u00bb css=\u00bb.vc_custom_1695798785483{margin-top: 3em !important;margin-bottom: 3em !important;padding-top: 1em !important;padding-right: 1em !important;padding-bottom: 1em !important;padding-left: 1em !important;}\u00bb offset=\u00bbvc_col-lg-4 vc_col-sm-offset-1&#8243;]<h2 class=\"deco-title sinistra \"><span>Reducir<\/span><\/h2>[vc_column_text]En ILIP nos comprometemos d\u00eda a d\u00eda a reducir el uso de materiales pl\u00e1sticos reduciendo el espesor y el peso de los embalajes sin comprometer sus prestaciones. Adem\u00e1s de evitar el derroche de materias primas, nos comprometemos tambi\u00e9n para reducir el desperdicio alimentario proyectando unas soluciones que mejorar la shelf life de los alimentos.[\/vc_column_text]<div class=\"button-wrapper sinistra\"><a class=\"btn btn-default \" href=\"\/es\/sostenibilidad\/\" title=\"Sostenibilidad\">Sostenibilidad<\/a><\/div>[\/vc_column][\/vc_row][vc_row full_width=\u00bbstretch_row_content\u00bb content_placement=\u00bbmiddle\u00bb][vc_column css_animation=\u00bbleft-to-right\u00bb width=\u00bb5\/6&#8243; el_class=\u00bbbackground-linear-gradient-grey-vertical shadow-inside\u00bb css=\u00bb.vc_custom_1695798801656{margin-top: 3em !important;margin-bottom: 3em !important;padding-top: 1em !important;padding-right: 1em !important;padding-bottom: 1em !important;padding-left: 1em !important;}\u00bb offset=\u00bbvc_col-lg-4 vc_col-sm-offset-1&#8243;]<h2 class=\"deco-title sinistra \"><span>DOWNGAUGING<\/span><\/h2>[vc_column_text css=\u00bb\u00bb]El aligeramiento para el ecodise\u00f1o es algo que ILIP ha estado persiguiendo durante una d\u00e9cada con su enfoque de empaque Fit4Purpose. Reducir el peso del envase (DOWNGAUGING), sin comprometer su finalidad prevista, la seguridad y comodidad para el consumidor y la higiene y vida \u00fatil de los alimentos envasados, es sostenible desde el punto de vista medioambiental y econ\u00f3mico. El gr\u00e1fico de abajo muestra la reducci\u00f3n constante del peso medio de cestas y bandejas para frutas y hortalizas, que ILIP ha continuado desde 2010: reducci\u00f3n de peso medio -16,61% igual a -5t de ahorro en materias primas (PET, r-PET, PP ) (2023 frente a 2010). Adem\u00e1s de la reducci\u00f3n, ahora en su estrategia de sostenibilidad ILIP se centra m\u00e1s en el ecodise\u00f1o para fomentar la reciclabilidad de ciclo cerrado completo y en las certificaciones de productos seg\u00fan el programa de declaraciones medioambientales tipo III. <a href=\"\/es\/sostenibilidad\/reciclar\/\">Vea la secci\u00f3n <strong>reciclar<\/strong><\/a>.[\/vc_column_text][\/vc_column][vc_column width=\u00bb5\/6&#8243; offset=\u00bbvc_col-lg-5 vc_col-sm-offset-1&#8243;][vc_single_image image=\u00bb29198&#8243; img_size=\u00bbfull\u00bb alignment=\u00bbcenter\u00bb css=\u00bb\u00bb][\/vc_column][\/vc_row][vc_row full_width=\u00bbstretch_row_content_no_spaces\u00bb content_placement=\u00bbmiddle\u00bb css=\u00bb.vc_custom_1695635224929{padding-top: 2em !important;padding-bottom: 2em !important;}\u00bb][vc_column width=\u00bb5\/6&#8243; offset=\u00bbvc_col-lg-5 vc_col-sm-offset-1&#8243; el_class=\u00bborder-lg-1 order-2&#8243;][vc_single_image image=\u00bb1049&#8243; img_size=\u00bbfull\u00bb css=\u00bb.vc_custom_1695635152529{padding: 2em !important;}\u00bb][\/vc_column][vc_column css_animation=\u00bbright-to-left\u00bb width=\u00bb5\/6&#8243; el_class=\u00bbbackground-linear-gradient-grey-vertical shadow-inside order-lg-2 order-1&#8243; css=\u00bb.vc_custom_1695801988143{margin-top: 3em !important;margin-bottom: 3em !important;padding-top: 1em !important;padding-right: 1em !important;padding-bottom: 1em !important;padding-left: 1em !important;}\u00bb offset=\u00bbvc_col-lg-4 vc_col-sm-offset-1&#8243;][vc_column_text el_class=\u00bbno-margin\u00bb]El embalaje sostenible es \u201cFit4Purpose\u201d[\/vc_column_text]<h2 class=\"deco-title sinistra \"><span>M\u00e1s Frescura, Menos Derroche<\/span><\/h2>[vc_column_text]El impacto medioambiental de un embalaje solo se puede definir en relaci\u00f3n con el alimento que contiene y con la funci\u00f3n que desarrolla. Por esto es necesario buscar el equilibrio entre el \u201csubembalaje\u201d y el \u201csobreembalaje\u201d: el embalaje eficiente protege la comida de manera \u00f3ptima, prolongando la shelf life y reduciendo al m\u00e1ximo el derroche alimentario y el impacto medioambiental. Ilip sostiene la investigaci\u00f3n cient\u00edfica que estudia el papel que desempe\u00f1a el packaging en la conservaci\u00f3n de la comida con el objeto de reducir el derroche de alimentos.<\/p>\n<p>Adem\u00e1s, fuimos los primeros productores de embalajes de pl\u00e1stico termoformado que se unieron a la iniciativa Save Food.[\/vc_column_text][\/vc_column][\/vc_row]<\/p>\n<\/div>","protected":false},"excerpt":{"rendered":"<p>[vc_row full_width=\u00bbstretch_row_content_no_spaces\u00bb content_placement=\u00bbmiddle\u00bb css=\u00bb.vc_custom_1697121251423{background-image: url(https:\/\/www.ilip.it\/wp-content\/uploads\/2017\/10\/ilip-cura-cibo-ambiente-futuro.jpg?id=289) !important;background-position: center !important;background-repeat: no-repeat !important;background-size: cover !important;}\u00bb][vc_column width=\u00bb1\/2&#8243;][\/vc_column][vc_column css_animation=\u00bbright-to-left\u00bb width=\u00bb5\/6&#8243; el_class=\u00bbbackground-linear-gradient-azure shadow-inside\u00bb css=\u00bb.vc_custom_1695798785483{margin-top: 3em !important;margin-bottom: 3em !important;padding-top: 1em !important;padding-right: 1em !important;padding-bottom: 1em !important;padding-left: 1em !important;}\u00bb offset=\u00bbvc_col-lg-4 vc_col-sm-offset-1&#8243;][vc_column_text]En ILIP nos comprometemos d\u00eda a d\u00eda a reducir el uso de materiales pl\u00e1sticos reduciendo el espesor y el peso de los embalajes sin [&hellip;]<\/p>\n","protected":false},"author":1,"featured_media":289,"parent":1566,"menu_order":0,"comment_status":"closed","ping_status":"closed","template":"","meta":{"_acf_changed":false,"footnotes":""},"class_list":["post-24938","page","type-page","status-publish","has-post-thumbnail","hentry"],"acf":[],"yoast_head":"<!-- This site is optimized with the Yoast SEO plugin v27.5 - https:\/\/yoast.com\/product\/yoast-seo-wordpress\/ -->\n<title>Reducir - ILIP S.r.l. Passion for Packaging<\/title>\n<meta name=\"description\" content=\"Reducir su ILIP S.r.l. - Passion for Packaging\" \/>\n<meta name=\"robots\" content=\"index, follow, max-snippet:-1, max-image-preview:large, max-video-preview:-1\" \/>\n<link rel=\"canonical\" href=\"https:\/\/www.ilip.it\/es\/sostenibilidad\/reducir\/\" \/>\n<meta property=\"og:locale\" content=\"es_ES\" \/>\n<meta property=\"og:type\" content=\"article\" \/>\n<meta property=\"og:title\" content=\"Reducir - ILIP S.r.l. Passion for Packaging\" \/>\n<meta property=\"og:description\" content=\"Reducir su ILIP S.r.l. - Passion for Packaging\" \/>\n<meta property=\"og:url\" content=\"https:\/\/www.ilip.it\/es\/sostenibilidad\/reducir\/\" \/>\n<meta property=\"og:site_name\" content=\"ILIP S.r.l.\" \/>\n<meta property=\"article:modified_time\" content=\"2025-05-22T10:27:52+00:00\" \/>\n<meta property=\"og:image\" content=\"https:\/\/www.ilip.it\/wp-content\/uploads\/2017\/10\/ilip-cura-cibo-ambiente-futuro.jpg\" \/>\n\t<meta property=\"og:image:width\" content=\"1920\" \/>\n\t<meta property=\"og:image:height\" content=\"950\" \/>\n\t<meta property=\"og:image:type\" content=\"image\/jpeg\" \/>\n<meta name=\"twitter:card\" content=\"summary_large_image\" \/>\n<meta name=\"twitter:label1\" content=\"Tiempo de lectura\" \/>\n\t<meta name=\"twitter:data1\" content=\"3 minutos\" \/>\n<script type=\"application\/ld+json\" class=\"yoast-schema-graph\">{\"@context\":\"https:\\\/\\\/schema.org\",\"@graph\":[{\"@type\":\"WebPage\",\"@id\":\"https:\\\/\\\/www.ilip.it\\\/es\\\/sostenibilidad\\\/reducir\\\/\",\"url\":\"https:\\\/\\\/www.ilip.it\\\/es\\\/sostenibilidad\\\/reducir\\\/\",\"name\":\"Reducir - ILIP S.r.l. Passion for Packaging\",\"isPartOf\":{\"@id\":\"https:\\\/\\\/www.ilip.it\\\/es\\\/#website\"},\"primaryImageOfPage\":{\"@id\":\"https:\\\/\\\/www.ilip.it\\\/es\\\/sostenibilidad\\\/reducir\\\/#primaryimage\"},\"image\":{\"@id\":\"https:\\\/\\\/www.ilip.it\\\/es\\\/sostenibilidad\\\/reducir\\\/#primaryimage\"},\"thumbnailUrl\":\"https:\\\/\\\/www.ilip.it\\\/wp-content\\\/uploads\\\/2017\\\/10\\\/ilip-cura-cibo-ambiente-futuro.jpg\",\"datePublished\":\"2023-09-21T15:35:27+00:00\",\"dateModified\":\"2025-05-22T10:27:52+00:00\",\"description\":\"Reducir su ILIP S.r.l. - Passion for Packaging\",\"breadcrumb\":{\"@id\":\"https:\\\/\\\/www.ilip.it\\\/es\\\/sostenibilidad\\\/reducir\\\/#breadcrumb\"},\"inLanguage\":\"es\",\"potentialAction\":[{\"@type\":\"ReadAction\",\"target\":[\"https:\\\/\\\/www.ilip.it\\\/es\\\/sostenibilidad\\\/reducir\\\/\"]}]},{\"@type\":\"ImageObject\",\"inLanguage\":\"es\",\"@id\":\"https:\\\/\\\/www.ilip.it\\\/es\\\/sostenibilidad\\\/reducir\\\/#primaryimage\",\"url\":\"https:\\\/\\\/www.ilip.it\\\/wp-content\\\/uploads\\\/2017\\\/10\\\/ilip-cura-cibo-ambiente-futuro.jpg\",\"contentUrl\":\"https:\\\/\\\/www.ilip.it\\\/wp-content\\\/uploads\\\/2017\\\/10\\\/ilip-cura-cibo-ambiente-futuro.jpg\",\"width\":1920,\"height\":950},{\"@type\":\"BreadcrumbList\",\"@id\":\"https:\\\/\\\/www.ilip.it\\\/es\\\/sostenibilidad\\\/reducir\\\/#breadcrumb\",\"itemListElement\":[{\"@type\":\"ListItem\",\"position\":1,\"name\":\"Home\",\"item\":\"https:\\\/\\\/www.ilip.it\\\/es\\\/\"},{\"@type\":\"ListItem\",\"position\":2,\"name\":\"Sostenibilidad\",\"item\":\"https:\\\/\\\/www.ilip.it\\\/es\\\/sostenibilidad\\\/\"},{\"@type\":\"ListItem\",\"position\":3,\"name\":\"Reducir\"}]},{\"@type\":\"WebSite\",\"@id\":\"https:\\\/\\\/www.ilip.it\\\/es\\\/#website\",\"url\":\"https:\\\/\\\/www.ilip.it\\\/es\\\/\",\"name\":\"ILIP S.r.l.\",\"description\":\"Passion for packaging\",\"publisher\":{\"@id\":\"https:\\\/\\\/www.ilip.it\\\/es\\\/#organization\"},\"potentialAction\":[{\"@type\":\"SearchAction\",\"target\":{\"@type\":\"EntryPoint\",\"urlTemplate\":\"https:\\\/\\\/www.ilip.it\\\/es\\\/?s={search_term_string}\"},\"query-input\":{\"@type\":\"PropertyValueSpecification\",\"valueRequired\":true,\"valueName\":\"search_term_string\"}}],\"inLanguage\":\"es\"},{\"@type\":\"Organization\",\"@id\":\"https:\\\/\\\/www.ilip.it\\\/es\\\/#organization\",\"name\":\"Ilip S.r.l.\",\"url\":\"https:\\\/\\\/www.ilip.it\\\/es\\\/\",\"logo\":{\"@type\":\"ImageObject\",\"inLanguage\":\"es\",\"@id\":\"https:\\\/\\\/www.ilip.it\\\/es\\\/#\\\/schema\\\/logo\\\/image\\\/\",\"url\":\"https:\\\/\\\/www.ilip.it\\\/wp-content\\\/uploads\\\/2018\\\/01\\\/ilip-srl-passion-for-packaging-logo.png\",\"contentUrl\":\"https:\\\/\\\/www.ilip.it\\\/wp-content\\\/uploads\\\/2018\\\/01\\\/ilip-srl-passion-for-packaging-logo.png\",\"width\":180,\"height\":130,\"caption\":\"Ilip S.r.l.\"},\"image\":{\"@id\":\"https:\\\/\\\/www.ilip.it\\\/es\\\/#\\\/schema\\\/logo\\\/image\\\/\"}}]}<\/script>\n<!-- \/ Yoast SEO plugin. -->","yoast_head_json":{"title":"Reducir - ILIP S.r.l. Passion for Packaging","description":"Reducir su ILIP S.r.l. - Passion for Packaging","robots":{"index":"index","follow":"follow","max-snippet":"max-snippet:-1","max-image-preview":"max-image-preview:large","max-video-preview":"max-video-preview:-1"},"canonical":"https:\/\/www.ilip.it\/es\/sostenibilidad\/reducir\/","og_locale":"es_ES","og_type":"article","og_title":"Reducir - ILIP S.r.l. Passion for Packaging","og_description":"Reducir su ILIP S.r.l. - Passion for Packaging","og_url":"https:\/\/www.ilip.it\/es\/sostenibilidad\/reducir\/","og_site_name":"ILIP S.r.l.","article_modified_time":"2025-05-22T10:27:52+00:00","og_image":[{"width":1920,"height":950,"url":"https:\/\/www.ilip.it\/wp-content\/uploads\/2017\/10\/ilip-cura-cibo-ambiente-futuro.jpg","type":"image\/jpeg"}],"twitter_card":"summary_large_image","twitter_misc":{"Tiempo de lectura":"3 minutos"},"schema":{"@context":"https:\/\/schema.org","@graph":[{"@type":"WebPage","@id":"https:\/\/www.ilip.it\/es\/sostenibilidad\/reducir\/","url":"https:\/\/www.ilip.it\/es\/sostenibilidad\/reducir\/","name":"Reducir - ILIP S.r.l. Passion for Packaging","isPartOf":{"@id":"https:\/\/www.ilip.it\/es\/#website"},"primaryImageOfPage":{"@id":"https:\/\/www.ilip.it\/es\/sostenibilidad\/reducir\/#primaryimage"},"image":{"@id":"https:\/\/www.ilip.it\/es\/sostenibilidad\/reducir\/#primaryimage"},"thumbnailUrl":"https:\/\/www.ilip.it\/wp-content\/uploads\/2017\/10\/ilip-cura-cibo-ambiente-futuro.jpg","datePublished":"2023-09-21T15:35:27+00:00","dateModified":"2025-05-22T10:27:52+00:00","description":"Reducir su ILIP S.r.l. - Passion for Packaging","breadcrumb":{"@id":"https:\/\/www.ilip.it\/es\/sostenibilidad\/reducir\/#breadcrumb"},"inLanguage":"es","potentialAction":[{"@type":"ReadAction","target":["https:\/\/www.ilip.it\/es\/sostenibilidad\/reducir\/"]}]},{"@type":"ImageObject","inLanguage":"es","@id":"https:\/\/www.ilip.it\/es\/sostenibilidad\/reducir\/#primaryimage","url":"https:\/\/www.ilip.it\/wp-content\/uploads\/2017\/10\/ilip-cura-cibo-ambiente-futuro.jpg","contentUrl":"https:\/\/www.ilip.it\/wp-content\/uploads\/2017\/10\/ilip-cura-cibo-ambiente-futuro.jpg","width":1920,"height":950},{"@type":"BreadcrumbList","@id":"https:\/\/www.ilip.it\/es\/sostenibilidad\/reducir\/#breadcrumb","itemListElement":[{"@type":"ListItem","position":1,"name":"Home","item":"https:\/\/www.ilip.it\/es\/"},{"@type":"ListItem","position":2,"name":"Sostenibilidad","item":"https:\/\/www.ilip.it\/es\/sostenibilidad\/"},{"@type":"ListItem","position":3,"name":"Reducir"}]},{"@type":"WebSite","@id":"https:\/\/www.ilip.it\/es\/#website","url":"https:\/\/www.ilip.it\/es\/","name":"ILIP S.r.l.","description":"Passion for packaging","publisher":{"@id":"https:\/\/www.ilip.it\/es\/#organization"},"potentialAction":[{"@type":"SearchAction","target":{"@type":"EntryPoint","urlTemplate":"https:\/\/www.ilip.it\/es\/?s={search_term_string}"},"query-input":{"@type":"PropertyValueSpecification","valueRequired":true,"valueName":"search_term_string"}}],"inLanguage":"es"},{"@type":"Organization","@id":"https:\/\/www.ilip.it\/es\/#organization","name":"Ilip S.r.l.","url":"https:\/\/www.ilip.it\/es\/","logo":{"@type":"ImageObject","inLanguage":"es","@id":"https:\/\/www.ilip.it\/es\/#\/schema\/logo\/image\/","url":"https:\/\/www.ilip.it\/wp-content\/uploads\/2018\/01\/ilip-srl-passion-for-packaging-logo.png","contentUrl":"https:\/\/www.ilip.it\/wp-content\/uploads\/2018\/01\/ilip-srl-passion-for-packaging-logo.png","width":180,"height":130,"caption":"Ilip S.r.l."},"image":{"@id":"https:\/\/www.ilip.it\/es\/#\/schema\/logo\/image\/"}}]}},"_links":{"self":[{"href":"https:\/\/www.ilip.it\/es\/wp-json\/wp\/v2\/pages\/24938","targetHints":{"allow":["GET"]}}],"collection":[{"href":"https:\/\/www.ilip.it\/es\/wp-json\/wp\/v2\/pages"}],"about":[{"href":"https:\/\/www.ilip.it\/es\/wp-json\/wp\/v2\/types\/page"}],"author":[{"embeddable":true,"href":"https:\/\/www.ilip.it\/es\/wp-json\/wp\/v2\/users\/1"}],"replies":[{"embeddable":true,"href":"https:\/\/www.ilip.it\/es\/wp-json\/wp\/v2\/comments?post=24938"}],"version-history":[{"count":11,"href":"https:\/\/www.ilip.it\/es\/wp-json\/wp\/v2\/pages\/24938\/revisions"}],"predecessor-version":[{"id":42031,"href":"https:\/\/www.ilip.it\/es\/wp-json\/wp\/v2\/pages\/24938\/revisions\/42031"}],"up":[{"embeddable":true,"href":"https:\/\/www.ilip.it\/es\/wp-json\/wp\/v2\/pages\/1566"}],"wp:featuredmedia":[{"embeddable":true,"href":"https:\/\/www.ilip.it\/es\/wp-json\/wp\/v2\/media\/289"}],"wp:attachment":[{"href":"https:\/\/www.ilip.it\/es\/wp-json\/wp\/v2\/media?parent=24938"}],"curies":[{"name":"wp","href":"https:\/\/api.w.org\/{rel}","templated":true}]}}