{"id":1566,"date":"2017-10-26T13:15:13","date_gmt":"2017-10-26T11:15:13","guid":{"rendered":"https:\/\/www.ilip.it\/?page_id=1566"},"modified":"2025-01-20T17:15:21","modified_gmt":"2025-01-20T16:15:21","slug":"sostenibilidad","status":"publish","type":"page","link":"https:\/\/www.ilip.it\/es\/sostenibilidad\/","title":{"rendered":"Sostenibilidad"},"content":{"rendered":"<div class=\"wpb-content-wrapper\"><p>[vc_row full_width=\u00bbstretch_row_content_no_spaces\u00bb content_placement=\u00bbmiddle\u00bb parallax=\u00bbcontent-moving\u00bb parallax_image=\u00bb14865&#8243; css=\u00bb.vc_custom_1695311288370{padding-top: 5em !important;padding-bottom: 5em !important;}\u00bb][vc_column width=\u00bb1\/2&#8243;][\/vc_column][vc_column css_animation=\u00bbright-to-left\u00bb width=\u00bb5\/6&#8243; el_class=\u00bbbackground-linear-gradient-azure shadow-inside\u00bb css=\u00bb.vc_custom_1695796786703{margin-top: 3em !important;margin-bottom: 3em !important;padding-top: 1em !important;padding-right: 1em !important;padding-bottom: 1em !important;padding-left: 1em !important;}\u00bb offset=\u00bbvc_col-lg-4 vc_col-sm-offset-1&#8243;][vc_column_text el_class=\u00bbno-margin\u00bb]Proteger y alimentar respetando el planeta[\/vc_column_text]<h2 class=\"deco-title sinistra \" style=\"font-weight:400;\"><span><strong>ILIP<\/strong> pol\u00edticas de RSC y plan de sostenibilidad corporativa<\/span><\/h2>[vc_column_text]Como complemento a nuestra pol\u00edtica de sostenibilidad medioambiental de productos,\u00a0<strong>basada en las 3R<\/strong>\u00a0(<strong>reducci\u00f3n<\/strong>\u00a0del uso de materias primas y del desperdicio alimentario;\u00a0<strong>reciclaje<\/strong>\u00a0de los embalajes de pl\u00e1stico para poder\u00a0<strong>reutilizar<\/strong>\u00a0las materias primas en un marco de econom\u00eda circular; y uso de recursos renovables como los biopl\u00e1sticos), ILIP presenta sus pol\u00edticas de RSC y un nuevo plan de sostenibilidad corporativa para.[\/vc_column_text]<div class=\"button-wrapper sinistra\"><a class=\"btn btn-default \" href=\"https:\/\/www.ilip.it\/en\/download\/sustainability-manifesto\/\" title=\"Compromiso con la sostenibilidad\">Compromiso con la sostenibilidad<\/a><\/div>[\/vc_column][\/vc_row][vc_row][vc_column]<h2 class=\"deco-title centro text-more-bigger\"><span>Las 3 R de Ilip<\/span><\/h2>[\/vc_column][\/vc_row][vc_row full_width=\u00bbstretch_row_content_no_spaces\u00bb][vc_column css_animation=\u00bbappear\u00bb width=\u00bb1\/3&#8243;]<div class=\"child-element-wrapper\">\n\t\t\t\t<a class=\"child-element d-block mb-3 p-3\" href=\"https:\/\/www.ilip.it\/es\/sostenibilidad\/reducir\/\">\n\t\t\t\t\t<figure class=\"child-element-image autosquare shadow\" data-delta=\"1\" style=\"background-image:url('https:\/\/www.ilip.it\/wp-content\/uploads\/2018\/01\/grafico-overpackaging.jpg')\">\n\t\t\t\t\t\t<img decoding=\"async\" src=\"https:\/\/www.ilip.it\/wp-content\/uploads\/2018\/01\/grafico-overpackaging.jpg\" alt=\"Reducir\" \/>\n\t\t\t\t\t\t<figcaption class=\"child-element-title center\"><h2>Reducir<\/h2><\/figcaption>\n\t\t\t\t\t<\/figure>\n\t\t\t\t<\/a>\n\t\t\t<\/div>[\/vc_column][vc_column css_animation=\u00bbappear\u00bb width=\u00bb1\/3&#8243; el_class=\u00bbdelay200&#8243;]<div class=\"child-element-wrapper\">\n\t\t\t\t<a class=\"child-element d-block mb-3 p-3\" href=\"https:\/\/www.ilip.it\/es\/sostenibilidad\/reciclar\/\">\n\t\t\t\t\t<figure class=\"child-element-image autosquare shadow\" data-delta=\"1\" style=\"background-image:url('https:\/\/www.ilip.it\/wp-content\/uploads\/2021\/12\/Ilip-Closed-Loop-T2T-logo_R-1.png')\">\n\t\t\t\t\t\t<img decoding=\"async\" src=\"https:\/\/www.ilip.it\/wp-content\/uploads\/2021\/12\/Ilip-Closed-Loop-T2T-logo_R-1.png\" alt=\"Reciclar\" \/>\n\t\t\t\t\t\t<figcaption class=\"child-element-title center\"><h2>Reciclar<\/h2><\/figcaption>\n\t\t\t\t\t<\/figure>\n\t\t\t\t<\/a>\n\t\t\t<\/div>[\/vc_column][vc_column css_animation=\u00bbappear\u00bb width=\u00bb1\/3&#8243; el_class=\u00bbdelay400&#8243;]<div class=\"child-element-wrapper\">\n\t\t\t\t<a class=\"child-element d-block mb-3 p-3\" href=\"https:\/\/www.ilip.it\/es\/sostenibilidad\/recursos-renovables\/\">\n\t\t\t\t\t<figure class=\"child-element-image autosquare shadow\" data-delta=\"1\" style=\"background-image:url('https:\/\/www.ilip.it\/wp-content\/uploads\/2021\/09\/ilip-betulle.jpg')\">\n\t\t\t\t\t\t<img decoding=\"async\" src=\"https:\/\/www.ilip.it\/wp-content\/uploads\/2021\/09\/ilip-betulle.jpg\" alt=\"Recursos Renovables\" \/>\n\t\t\t\t\t\t<figcaption class=\"child-element-title center\"><h2>Recursos Renovables<\/h2><\/figcaption>\n\t\t\t\t\t<\/figure>\n\t\t\t\t<\/a>\n\t\t\t<\/div>[\/vc_column][\/vc_row][vc_row full_width=\u00bbstretch_row_content\u00bb content_placement=\u00bbmiddle\u00bb][vc_column css_animation=\u00bbleft-to-right\u00bb width=\u00bb5\/6&#8243; css=\u00bb.vc_custom_1695796874532{margin-top: 3em !important;margin-bottom: 3em !important;}\u00bb offset=\u00bbvc_col-lg-4 vc_col-sm-offset-1&#8243;]<h2 class=\"deco-title sinistra \"><span>Objetivos<\/span><\/h2>[vc_row_inner][vc_column_inner el_class=\u00bbbackground-linear-gradient-grey-vertical shadow-inside\u00bb css=\u00bb.vc_custom_1695374031962{margin-bottom: 2em !important;padding-top: 1em !important;padding-right: 1em !important;padding-bottom: 1em !important;padding-left: 1em !important;}\u00bb][vc_column_text]La investigaci\u00f3n dirigida a una mejora constante de la sostenibilidad medioambiental es parte del ADN de ILIP. Basta con observar la cronolog\u00eda que figura m\u00e1s abajo y en la que se detallan las etapas principales de nuestra evoluci\u00f3n.<\/p>\n<p>Considerando el concepto de sostenibilidad en su m\u00e1s amplia acepci\u00f3n (que comprende no solo la dimensi\u00f3n medioambiental, sino tambi\u00e9n la econ\u00f3mica y la social) e inspir\u00e1ndonos en la lista de <strong>17 objetivos de desarrollo sostenible<\/strong> elaborada por las Naciones Unidas (que figuran m\u00e1s abajo y que pueden consultarse en detalle haciendo clic sobre cada imagen)[\/vc_column_text][\/vc_column_inner][\/vc_row_inner][vc_row_inner][vc_column_inner el_class=\u00bbbackground-linear-gradient-grey-vertical shadow-inside\u00bb css=\u00bb.vc_custom_1695373926800{padding-top: 1em !important;padding-right: 1em !important;padding-bottom: 1em !important;padding-left: 1em !important;}\u00bb][vc_column_text]ILIP ha identificado una serie de \u00e1mbitos en sus propios procesos productivos y corporativos que pretende estudiar y convertir en objetivos de mejora.<\/p>\n<p>Dichos \u00e1mbitos toman como base el \u00ab<strong><a href=\"\/es\/quienes-somos\/valores\/\" target=\"_blank\" rel=\"noopener\">C\u00f3digo\u00a0\u00e9tico<\/a><\/strong>\u00bb del grupo (que define, entre otras cosas, la forma de actuar en los negocios, las pol\u00edticas de respeto por las condiciones de empleo y la igualdad de oportunidades y las conductas no tolerables en los centros de trabajo) y van desde la protecci\u00f3n del medioambiente y la reducci\u00f3n del impacto medioambiental de nuestras propias actividades y productos durante su fabricaci\u00f3n (controlando el consumo energ\u00e9tico, limitando las emisiones de CO2 y fomentando el desarrollo de m\u00e9todos de recuperaci\u00f3n de materiales a nivel interno) hasta la reducci\u00f3n de los accidentes y enfermedades laborales (promoviendo una cultura corporativa orientada a la prevenci\u00f3n de riesgos, incidentes y emergencias e integrando la gesti\u00f3n de la salud y la seguridad en todos los procesos de la empresa).<\/p>\n<p>Hasta la sensibilizaci\u00f3n de la cadena de valor, desde los proveedores a los clientes (y, en la medida de lo posible, tambi\u00e9n a los consumidores) mediante elecciones conscientes que tengan en cuenta el impacto medioambiental (el de los productos certificados por estudios de laboratorios especializados y el de las actividades realizadas), la calidad de los productos, la salud y seguridad de los trabajadores y la seguridad de los consumidores.[\/vc_column_text][\/vc_column_inner][\/vc_row_inner][\/vc_column][vc_column width=\u00bb5\/6&#8243; offset=\u00bbvc_col-lg-5 vc_col-sm-offset-1&#8243;][vc_single_image image=\u00bb20022&#8243; img_size=\u00bbfull\u00bb alignment=\u00bbcenter\u00bb][\/vc_column][\/vc_row][vc_row full_width=\u00bbstretch_row_content_no_spaces\u00bb content_placement=\u00bbmiddle\u00bb css=\u00bb.vc_custom_1695797108935{padding-top: 2em !important;padding-bottom: 2em !important;}\u00bb][vc_column width=\u00bb5\/6&#8243; offset=\u00bbvc_col-lg-offset-3 vc_col-lg-6 vc_col-sm-offset-1&#8243;][vc_single_image image=\u00bb7567&#8243; img_size=\u00bbfull\u00bb alignment=\u00bbcenter\u00bb onclick=\u00bbcustom_link\u00bb link=\u00bbhttps:\/\/sdgs.un.org\/\u00bb][\/vc_column][\/vc_row][vc_row full_width=\u00bbstretch_row_content\u00bb content_placement=\u00bbmiddle\u00bb parallax=\u00bbcontent-moving\u00bb parallax_image=\u00bb286&#8243;][vc_column css_animation=\u00bbright-to-left\u00bb width=\u00bb5\/6&#8243; el_class=\u00bbbackground-linear-gradient-grey-vertical shadow-inside\u00bb css=\u00bb.vc_custom_1695981476872{margin-top: 3em !important;margin-bottom: 3em !important;padding-top: 1em !important;padding-right: 1em !important;padding-bottom: 1em !important;padding-left: 1em !important;}\u00bb offset=\u00bbvc_col-lg-6 vc_col-sm-offset-1&#8243;]<h2 class=\"deco-title sinistra \"><span>KPI<\/span><\/h2>[vc_column_text el_class=\u00bbtext-column-2&#8243;]El Sistema de Gesti\u00f3n Integrada ha definido unos objetivos (KPI) claros y mensurables que se monitorizar\u00e1n hasta lograr una mejora continuada de los resultados.<\/p>\n<p>En lo que respecta a la protecci\u00f3n del medioambiente, ILIP se compromete a monitorizar el impacto de sus actividades a lo largo de toda la cadena productiva y tambi\u00e9n a considerar la sostenibilidad medioambiental como un factor b\u00e1sico (junto a los t\u00e9cnicos y los econ\u00f3micos) a la hora de tomar decisiones.<\/p>\n<p><strong>La empresa se compromete igualmente a trabajar de forma respetuosa con el medioambiente utilizando para ello las mejores tecnolog\u00edas disponibles y garantizando un uso eficiente de la energ\u00eda, de los materiales y de los recursos naturales.<\/strong><\/p>\n<p>Un objetivo esencial es la reducci\u00f3n del impacto medioambiental mediante programas y proyectos espec\u00edficos en toda la cadena de valor, desde las materias primas a los centros de producci\u00f3n y la log\u00edstica.<\/p>\n<p>A tal fin, cabe se\u00f1alar que, con la adopci\u00f3n del<strong>\u00a0ALMAC\u00c9N AUTOM\u00c1TICO<\/strong>\u00a0(que tiene capacidad para 60.000\u00a0palets), ILIP no solo mejorar\u00e1 el servicio a los clientes, sino que, adem\u00e1s, al estar ubicada dicha instalaci\u00f3n junto al centro de producci\u00f3n, se evitar\u00e1 la necesidad que existe actualmente de transferir productos a almacenes externos. En\u00a02019,\u00a0<strong>esos transportes (8501 en total) supusieron un total de 283.380\u00a0km y 300.000\u00a0kg de emisiones de\u00a0CO2<\/strong>. Adem\u00e1s, el almac\u00e9n contar\u00e1 con la protecci\u00f3n de un innovador sistema antiincendios mediante reducci\u00f3n de ox\u00edgeno que no solo proteger\u00e1 los productos, sino tambi\u00e9n el medioambiente y las comunidades circundantes.[\/vc_column_text][\/vc_column][vc_column width=\u00bb1\/2&#8243; css=\u00bb.vc_custom_1695981485979{padding-right: 4em !important;}\u00bb offset=\u00bbvc_col-lg-1&#8243;][\/vc_column][\/vc_row]<\/p>\n<\/div>","protected":false},"excerpt":{"rendered":"<p>[vc_row full_width=\u00bbstretch_row_content_no_spaces\u00bb content_placement=\u00bbmiddle\u00bb parallax=\u00bbcontent-moving\u00bb parallax_image=\u00bb14865&#8243; css=\u00bb.vc_custom_1695311288370{padding-top: 5em !important;padding-bottom: 5em !important;}\u00bb][vc_column width=\u00bb1\/2&#8243;][\/vc_column][vc_column css_animation=\u00bbright-to-left\u00bb width=\u00bb5\/6&#8243; el_class=\u00bbbackground-linear-gradient-azure shadow-inside\u00bb css=\u00bb.vc_custom_1695796786703{margin-top: 3em !important;margin-bottom: 3em !important;padding-top: 1em !important;padding-right: 1em !important;padding-bottom: 1em !important;padding-left: 1em !important;}\u00bb offset=\u00bbvc_col-lg-4 vc_col-sm-offset-1&#8243;][vc_column_text el_class=\u00bbno-margin\u00bb]Proteger y alimentar respetando el planeta[\/vc_column_text][vc_column_text]Como complemento a nuestra pol\u00edtica de sostenibilidad medioambiental de productos,\u00a0basada en las 3R\u00a0(reducci\u00f3n\u00a0del uso de materias primas y del desperdicio [&hellip;]<\/p>\n","protected":false},"author":1,"featured_media":488,"parent":0,"menu_order":0,"comment_status":"closed","ping_status":"closed","template":"","meta":{"_acf_changed":false,"footnotes":""},"class_list":["post-1566","page","type-page","status-publish","has-post-thumbnail","hentry"],"acf":[],"yoast_head":"<!-- This site is optimized with the Yoast SEO plugin v27.5 - https:\/\/yoast.com\/product\/yoast-seo-wordpress\/ -->\n<title>Ilip por el medio ambiente - Sostenibilidad | ILIP Passion for Packaging<\/title>\n<meta name=\"description\" content=\"Ilip se compromete a respetar el medio ambiente, promover la cultura del reciclaje y reducir al m\u00e1ximo el derroche alimentario y de materias primas. Esto tambi\u00e9n es pasi\u00f3n por el packaging.\" \/>\n<meta name=\"robots\" content=\"index, follow, max-snippet:-1, max-image-preview:large, max-video-preview:-1\" \/>\n<link rel=\"canonical\" href=\"https:\/\/www.ilip.it\/es\/sostenibilidad\/\" \/>\n<meta property=\"og:locale\" content=\"es_ES\" \/>\n<meta property=\"og:type\" content=\"article\" \/>\n<meta property=\"og:title\" content=\"Ilip por el medio ambiente - Sostenibilidad | ILIP Passion for Packaging\" \/>\n<meta property=\"og:description\" content=\"Ilip se compromete a respetar el medio ambiente, promover la cultura del reciclaje y reducir al m\u00e1ximo el derroche alimentario y de materias primas. Esto tambi\u00e9n es pasi\u00f3n por el packaging.\" \/>\n<meta property=\"og:url\" content=\"https:\/\/www.ilip.it\/es\/sostenibilidad\/\" \/>\n<meta property=\"og:site_name\" content=\"ILIP S.r.l.\" \/>\n<meta property=\"article:modified_time\" content=\"2025-01-20T16:15:21+00:00\" \/>\n<meta property=\"og:image\" content=\"https:\/\/www.ilip.it\/wp-content\/uploads\/2017\/10\/ilip-per-lambiente.jpg\" \/>\n\t<meta property=\"og:image:width\" content=\"800\" \/>\n\t<meta property=\"og:image:height\" content=\"600\" \/>\n\t<meta property=\"og:image:type\" content=\"image\/jpeg\" \/>\n<meta name=\"twitter:card\" content=\"summary_large_image\" \/>\n<meta name=\"twitter:label1\" content=\"Tiempo de lectura\" \/>\n\t<meta name=\"twitter:data1\" content=\"5 minutos\" \/>\n<script type=\"application\/ld+json\" class=\"yoast-schema-graph\">{\"@context\":\"https:\\\/\\\/schema.org\",\"@graph\":[{\"@type\":\"WebPage\",\"@id\":\"https:\\\/\\\/www.ilip.it\\\/es\\\/sostenibilidad\\\/\",\"url\":\"https:\\\/\\\/www.ilip.it\\\/es\\\/sostenibilidad\\\/\",\"name\":\"Ilip por el medio ambiente - Sostenibilidad | ILIP Passion for Packaging\",\"isPartOf\":{\"@id\":\"https:\\\/\\\/www.ilip.it\\\/es\\\/#website\"},\"primaryImageOfPage\":{\"@id\":\"https:\\\/\\\/www.ilip.it\\\/es\\\/sostenibilidad\\\/#primaryimage\"},\"image\":{\"@id\":\"https:\\\/\\\/www.ilip.it\\\/es\\\/sostenibilidad\\\/#primaryimage\"},\"thumbnailUrl\":\"https:\\\/\\\/www.ilip.it\\\/wp-content\\\/uploads\\\/2017\\\/10\\\/ilip-per-lambiente.jpg\",\"datePublished\":\"2017-10-26T11:15:13+00:00\",\"dateModified\":\"2025-01-20T16:15:21+00:00\",\"description\":\"Ilip se compromete a respetar el medio ambiente, promover la cultura del reciclaje y reducir al m\u00e1ximo el derroche alimentario y de materias primas. Esto tambi\u00e9n es pasi\u00f3n por el packaging.\",\"breadcrumb\":{\"@id\":\"https:\\\/\\\/www.ilip.it\\\/es\\\/sostenibilidad\\\/#breadcrumb\"},\"inLanguage\":\"es\",\"potentialAction\":[{\"@type\":\"ReadAction\",\"target\":[\"https:\\\/\\\/www.ilip.it\\\/es\\\/sostenibilidad\\\/\"]}]},{\"@type\":\"ImageObject\",\"inLanguage\":\"es\",\"@id\":\"https:\\\/\\\/www.ilip.it\\\/es\\\/sostenibilidad\\\/#primaryimage\",\"url\":\"https:\\\/\\\/www.ilip.it\\\/wp-content\\\/uploads\\\/2017\\\/10\\\/ilip-per-lambiente.jpg\",\"contentUrl\":\"https:\\\/\\\/www.ilip.it\\\/wp-content\\\/uploads\\\/2017\\\/10\\\/ilip-per-lambiente.jpg\",\"width\":800,\"height\":600,\"caption\":\"ILIP per l'ambiente sostenibilit\u00e0 plastica riciclata economia circolare less is more riciclo PET packaging design\"},{\"@type\":\"BreadcrumbList\",\"@id\":\"https:\\\/\\\/www.ilip.it\\\/es\\\/sostenibilidad\\\/#breadcrumb\",\"itemListElement\":[{\"@type\":\"ListItem\",\"position\":1,\"name\":\"Home\",\"item\":\"https:\\\/\\\/www.ilip.it\\\/es\\\/\"},{\"@type\":\"ListItem\",\"position\":2,\"name\":\"Sostenibilidad\"}]},{\"@type\":\"WebSite\",\"@id\":\"https:\\\/\\\/www.ilip.it\\\/es\\\/#website\",\"url\":\"https:\\\/\\\/www.ilip.it\\\/es\\\/\",\"name\":\"ILIP S.r.l.\",\"description\":\"Passion for packaging\",\"publisher\":{\"@id\":\"https:\\\/\\\/www.ilip.it\\\/es\\\/#organization\"},\"potentialAction\":[{\"@type\":\"SearchAction\",\"target\":{\"@type\":\"EntryPoint\",\"urlTemplate\":\"https:\\\/\\\/www.ilip.it\\\/es\\\/?s={search_term_string}\"},\"query-input\":{\"@type\":\"PropertyValueSpecification\",\"valueRequired\":true,\"valueName\":\"search_term_string\"}}],\"inLanguage\":\"es\"},{\"@type\":\"Organization\",\"@id\":\"https:\\\/\\\/www.ilip.it\\\/es\\\/#organization\",\"name\":\"Ilip S.r.l.\",\"url\":\"https:\\\/\\\/www.ilip.it\\\/es\\\/\",\"logo\":{\"@type\":\"ImageObject\",\"inLanguage\":\"es\",\"@id\":\"https:\\\/\\\/www.ilip.it\\\/es\\\/#\\\/schema\\\/logo\\\/image\\\/\",\"url\":\"https:\\\/\\\/www.ilip.it\\\/wp-content\\\/uploads\\\/2018\\\/01\\\/ilip-srl-passion-for-packaging-logo.png\",\"contentUrl\":\"https:\\\/\\\/www.ilip.it\\\/wp-content\\\/uploads\\\/2018\\\/01\\\/ilip-srl-passion-for-packaging-logo.png\",\"width\":180,\"height\":130,\"caption\":\"Ilip S.r.l.\"},\"image\":{\"@id\":\"https:\\\/\\\/www.ilip.it\\\/es\\\/#\\\/schema\\\/logo\\\/image\\\/\"}}]}<\/script>\n<!-- \/ Yoast SEO plugin. -->","yoast_head_json":{"title":"Ilip por el medio ambiente - Sostenibilidad | ILIP Passion for Packaging","description":"Ilip se compromete a respetar el medio ambiente, promover la cultura del reciclaje y reducir al m\u00e1ximo el derroche alimentario y de materias primas. Esto tambi\u00e9n es pasi\u00f3n por el packaging.","robots":{"index":"index","follow":"follow","max-snippet":"max-snippet:-1","max-image-preview":"max-image-preview:large","max-video-preview":"max-video-preview:-1"},"canonical":"https:\/\/www.ilip.it\/es\/sostenibilidad\/","og_locale":"es_ES","og_type":"article","og_title":"Ilip por el medio ambiente - Sostenibilidad | ILIP Passion for Packaging","og_description":"Ilip se compromete a respetar el medio ambiente, promover la cultura del reciclaje y reducir al m\u00e1ximo el derroche alimentario y de materias primas. Esto tambi\u00e9n es pasi\u00f3n por el packaging.","og_url":"https:\/\/www.ilip.it\/es\/sostenibilidad\/","og_site_name":"ILIP S.r.l.","article_modified_time":"2025-01-20T16:15:21+00:00","og_image":[{"width":800,"height":600,"url":"https:\/\/www.ilip.it\/wp-content\/uploads\/2017\/10\/ilip-per-lambiente.jpg","type":"image\/jpeg"}],"twitter_card":"summary_large_image","twitter_misc":{"Tiempo de lectura":"5 minutos"},"schema":{"@context":"https:\/\/schema.org","@graph":[{"@type":"WebPage","@id":"https:\/\/www.ilip.it\/es\/sostenibilidad\/","url":"https:\/\/www.ilip.it\/es\/sostenibilidad\/","name":"Ilip por el medio ambiente - Sostenibilidad | ILIP Passion for Packaging","isPartOf":{"@id":"https:\/\/www.ilip.it\/es\/#website"},"primaryImageOfPage":{"@id":"https:\/\/www.ilip.it\/es\/sostenibilidad\/#primaryimage"},"image":{"@id":"https:\/\/www.ilip.it\/es\/sostenibilidad\/#primaryimage"},"thumbnailUrl":"https:\/\/www.ilip.it\/wp-content\/uploads\/2017\/10\/ilip-per-lambiente.jpg","datePublished":"2017-10-26T11:15:13+00:00","dateModified":"2025-01-20T16:15:21+00:00","description":"Ilip se compromete a respetar el medio ambiente, promover la cultura del reciclaje y reducir al m\u00e1ximo el derroche alimentario y de materias primas. Esto tambi\u00e9n es pasi\u00f3n por el packaging.","breadcrumb":{"@id":"https:\/\/www.ilip.it\/es\/sostenibilidad\/#breadcrumb"},"inLanguage":"es","potentialAction":[{"@type":"ReadAction","target":["https:\/\/www.ilip.it\/es\/sostenibilidad\/"]}]},{"@type":"ImageObject","inLanguage":"es","@id":"https:\/\/www.ilip.it\/es\/sostenibilidad\/#primaryimage","url":"https:\/\/www.ilip.it\/wp-content\/uploads\/2017\/10\/ilip-per-lambiente.jpg","contentUrl":"https:\/\/www.ilip.it\/wp-content\/uploads\/2017\/10\/ilip-per-lambiente.jpg","width":800,"height":600,"caption":"ILIP per l'ambiente sostenibilit\u00e0 plastica riciclata economia circolare less is more riciclo PET packaging design"},{"@type":"BreadcrumbList","@id":"https:\/\/www.ilip.it\/es\/sostenibilidad\/#breadcrumb","itemListElement":[{"@type":"ListItem","position":1,"name":"Home","item":"https:\/\/www.ilip.it\/es\/"},{"@type":"ListItem","position":2,"name":"Sostenibilidad"}]},{"@type":"WebSite","@id":"https:\/\/www.ilip.it\/es\/#website","url":"https:\/\/www.ilip.it\/es\/","name":"ILIP S.r.l.","description":"Passion for packaging","publisher":{"@id":"https:\/\/www.ilip.it\/es\/#organization"},"potentialAction":[{"@type":"SearchAction","target":{"@type":"EntryPoint","urlTemplate":"https:\/\/www.ilip.it\/es\/?s={search_term_string}"},"query-input":{"@type":"PropertyValueSpecification","valueRequired":true,"valueName":"search_term_string"}}],"inLanguage":"es"},{"@type":"Organization","@id":"https:\/\/www.ilip.it\/es\/#organization","name":"Ilip S.r.l.","url":"https:\/\/www.ilip.it\/es\/","logo":{"@type":"ImageObject","inLanguage":"es","@id":"https:\/\/www.ilip.it\/es\/#\/schema\/logo\/image\/","url":"https:\/\/www.ilip.it\/wp-content\/uploads\/2018\/01\/ilip-srl-passion-for-packaging-logo.png","contentUrl":"https:\/\/www.ilip.it\/wp-content\/uploads\/2018\/01\/ilip-srl-passion-for-packaging-logo.png","width":180,"height":130,"caption":"Ilip S.r.l."},"image":{"@id":"https:\/\/www.ilip.it\/es\/#\/schema\/logo\/image\/"}}]}},"_links":{"self":[{"href":"https:\/\/www.ilip.it\/es\/wp-json\/wp\/v2\/pages\/1566","targetHints":{"allow":["GET"]}}],"collection":[{"href":"https:\/\/www.ilip.it\/es\/wp-json\/wp\/v2\/pages"}],"about":[{"href":"https:\/\/www.ilip.it\/es\/wp-json\/wp\/v2\/types\/page"}],"author":[{"embeddable":true,"href":"https:\/\/www.ilip.it\/es\/wp-json\/wp\/v2\/users\/1"}],"replies":[{"embeddable":true,"href":"https:\/\/www.ilip.it\/es\/wp-json\/wp\/v2\/comments?post=1566"}],"version-history":[{"count":63,"href":"https:\/\/www.ilip.it\/es\/wp-json\/wp\/v2\/pages\/1566\/revisions"}],"predecessor-version":[{"id":33556,"href":"https:\/\/www.ilip.it\/es\/wp-json\/wp\/v2\/pages\/1566\/revisions\/33556"}],"wp:featuredmedia":[{"embeddable":true,"href":"https:\/\/www.ilip.it\/es\/wp-json\/wp\/v2\/media\/488"}],"wp:attachment":[{"href":"https:\/\/www.ilip.it\/es\/wp-json\/wp\/v2\/media?parent=1566"}],"curies":[{"name":"wp","href":"https:\/\/api.w.org\/{rel}","templated":true}]}}