{"id":1530,"date":"2017-10-25T09:37:52","date_gmt":"2017-10-25T07:37:52","guid":{"rendered":"https:\/\/www.ilip.it\/?page_id=1530"},"modified":"2026-03-30T15:52:39","modified_gmt":"2026-03-30T13:52:39","slug":"home-page","status":"publish","type":"page","link":"https:\/\/www.ilip.it\/es\/","title":{"rendered":"Home page"},"content":{"rendered":"<div class=\"wpb-content-wrapper\"><p>[vc_row css=\u00bb.vc_custom_1695654277300{padding-top: 4em !important;padding-right: 1em !important;padding-bottom: 4em !important;padding-left: 1em !important;}\u00bb][vc_column width=\u00bb1\/12&#8243;][\/vc_column][vc_column width=\u00bb10\/12&#8243; el_class=\u00bbhome-semi-bordered-block\u00bb]<h1 class=\"deco-title sinistra \" style=\"font-weight:400;\"><span><strong>ILIP<\/strong> y el embalaje sostenible<\/span><\/h1>[vc_column_text css_animation=\u00bbnone\u00bb el_class=\u00bbbig-text\u00bb]Desde hace m\u00e1s de 50 a\u00f1os en Ilip desarrollamos soluciones de embalaje para alimentos de pl\u00e1stico termoformado y de material compostable, capaces de valorizar los productos de los clientes y de mejorar la experiencia del consumidor final.<\/p>\n<p>Lo hacemos con toda la pasi\u00f3n que caracteriza a nuestra tierra, Emilia Romagna, una pasi\u00f3n de \u00abalto nivel\u00bb que se conjuga con la innovaci\u00f3n y la profesionalidad en una b\u00fasqueda continua de la excelencia.<\/p>\n<p>A esto a\u00f1adimos el m\u00e1ximo respeto por el medio <a href=\"https:\/\/www.ilip.it\/es\/sostenibilidad\/\">ambiente<\/a>.[\/vc_column_text]<div class=\"button-wrapper sinistra\"><a class=\"btn btn-default \" href=\"\/es\/sostenibilidad\/\" title=\"Engagement \u00e0 la durabilit\u00e9\">Engagement \u00e0 la durabilit\u00e9<\/a><\/div>[\/vc_column][vc_column width=\u00bb1\/12&#8243;][\/vc_column][\/vc_row][vc_row full_width=\u00bbstretch_row_content_no_spaces\u00bb css=\u00bb.vc_custom_1695291397710{padding-bottom: 2em !important;}\u00bb][vc_column css_animation=\u00bbappear\u00bb width=\u00bb1\/3&#8243;]\n\t<div class=\"home_full_block_wrapper \">\n\t\t<a href=\"\/es\/productos\/food-service-packaging\/\">\n\t\t\t<div class=\"home_full_block\" style=\"background-image: url(https:\/\/www.ilip.it\/wp-content\/uploads\/2018\/01\/ilip-food-service-packaging-bicchiere-blu.jpg);\">\n\t\t\t\t<div class=\"home_full_block_text \">\n\t\t\t\t\t<h2 class=\"deco-title sinistra text-white\"><span>Food Service Packaging<\/span><\/h2>\n\t\t\t\t\t<p>Platos, vasos, cubiertos, bandejas, ensaladeras y mucho m\u00e1s. Diferentes l\u00edneas de vajilla desechable y embalajes para la gastronom\u00eda en pl\u00e1stico, biopl\u00e1stico y en materiales renovables y compostables para todos los gustos y todas las ocasiones: desde la entrada de gama hasta productos de dise\u00f1o, desde PET hasta compostable, de irrompible a microondas.<\/p><\/div>\n\t\t\t<\/div>\n\t\t<\/a>\n\t<\/div>[\/vc_column][vc_column css_animation=\u00bbappear\u00bb width=\u00bb1\/3&#8243;]\n\t<div class=\"home_full_block_wrapper \">\n\t\t<a href=\"\/es\/productos\/fresh-produce-packaging\/\">\n\t\t\t<div class=\"home_full_block\" style=\"background-image: url(https:\/\/www.ilip.it\/wp-content\/uploads\/2017\/11\/ilip-cestini-per-frutta-coperchio.jpg);\">\n\t\t\t\t<div class=\"home_full_block_text \">\n\t\t\t\t\t<h2 class=\"deco-title sinistra text-white\"><span>Fresh Produce Packaging<\/span><\/h2>\n\t\t\t\t\t<p>Cestas, bandejas y alv\u00e9olos de pl\u00e1stico, biopl\u00e1stico y R-PET realizadas para proteger, valorizar y preservar la frescura de cada tipo de frutas y hortalizas, en todos los contextos y para todas las exigencias. Una gama de embalajes sostenibles que protegen los alimentos de forma \u00f3ptima, prolongan la vida \u00fatil, reducen el desperdicio de alimentos y el impacto.<\/p><\/div>\n\t\t\t<\/div>\n\t\t<\/a>\n\t<\/div>[\/vc_column][vc_column css_animation=\u00bbappear\u00bb width=\u00bb1\/3&#8243;]\n\t<div class=\"home_full_block_wrapper \">\n\t\t<a href=\"\/es\/productos\/fresh-food-packaging\/\">\n\t\t\t<div class=\"home_full_block\" style=\"background-image: url(https:\/\/www.ilip.it\/wp-content\/uploads\/2017\/10\/ilip-fresh-food-packaging.jpg);\">\n\t\t\t\t<div class=\"home_full_block_text \">\n\t\t\t\t\t<h2 class=\"deco-title sinistra text-white\"><span>Fresh Food Packaging<\/span><\/h2>\n\t\t\t\t\t<p>Cestas, bandejas y alv\u00e9olos de pl\u00e1stico, biopl\u00e1stico y R-PET realizadas para proteger, valorizar y preservar la frescura de cada tipo de frutas y hortalizas, en todos los contextos y para todas las exigencias. Una gama de embalajes sostenibles que protegen los alimentos de forma \u00f3ptima, prolongan la vida \u00fatil, reducen el desperdicio de alimentos y el impacto.<\/p><\/div>\n\t\t\t<\/div>\n\t\t<\/a>\n\t<\/div>[\/vc_column][\/vc_row][vc_row css=\u00bb.vc_custom_1695654073325{padding-top: 4em !important;padding-bottom: 4em !important;}\u00bb][vc_column width=\u00bb1\/3&#8243;]<div class=\"home-block\">\n\t\t\t<a href=\"\/es\/productos\/food-service-packaging\/fibraware-personalizzato\/\" target=\"_blank\">\n\t\t\t<div class=\"home-block-image autosquare\" data-delta=\"1.333\" style=\"background-image:url('https:\/\/www.ilip.it\/wp-content\/uploads\/2026\/03\/FibrAware-custom-ORIZZONTALE_R-5-2.jpg');\"><img decoding=\"async\" src=\"https:\/\/www.ilip.it\/wp-content\/uploads\/2026\/03\/FibrAware-custom-ORIZZONTALE_R-5-2.jpg\" alt=\"Comida para llevar con tu marca\" \/><\/div>\n\t\t\t<div class=\"home-block-content sinistra\">\n\t\t\t\t<h2>Comida para llevar con tu marca<\/h2>\n\t\t\t\tVasos, cajas para bocadillos, bandejas, cuencos y soportes para patatas fritas, \u00a1todos personalizables con su logotipo y dise\u00f1o!\n\t\t\t<\/div>\n\t\t\t<\/a>\n\t\t<\/div>[\/vc_column][vc_column width=\u00bb1\/3&#8243;]<div class=\"home-block\">\n\t\t\t<a href=\"https:\/\/www.ilip.it\/en\/innovation\/sp-ri-n-t\/case-history-b40-b46-b47-airwave\/\" target=\"_blank\">\n\t\t\t<div class=\"home-block-image autosquare\" data-delta=\"1.333\" style=\"background-image:url('');\"><img decoding=\"async\" src=\"\" alt=\"Cestas termosellables AirWave de R-PET\" \/><\/div>\n\t\t\t<div class=\"home-block-content sinistra\">\n\t\t\t\t<h2>Cestas termosellables AirWave de R-PET<\/h2>\n\t\t\t\tPara proteger la fruta delicada gracias al fondo abovedado, que amortigua los golpes durante el transporte y en PdV sin necesidad de almohadilla.\n\t\t\t<\/div>\n\t\t\t<\/a>\n\t\t<\/div>[\/vc_column][vc_column width=\u00bb1\/3&#8243;]<div class=\"home-block\">\n\t\t\t<a href=\"\/es\/innovacion\/ezysplit\/\" >\n\t\t\t<div class=\"home-block-image autosquare\" data-delta=\"1.333\" style=\"background-image:url('https:\/\/www.ilip.it\/wp-content\/uploads\/2021\/06\/EzySplit.jpg');\"><img decoding=\"async\" src=\"https:\/\/www.ilip.it\/wp-content\/uploads\/2021\/06\/EzySplit.jpg\" alt=\"ezy:split\" \/><\/div>\n\t\t\t<div class=\"home-block-content sinistra\">\n\t\t\t\t<h2>ezy:split<\/h2>\n\t\t\t\tLa primera cesta h\u00edbrida de pl\u00e1stico y cart\u00f3n para el envasado de frutas premium.\n\t\t\t<\/div>\n\t\t\t<\/a>\n\t\t<\/div>[\/vc_column][\/vc_row][vc_row][vc_column]<script>console.log(\": Slider with alias hortipack-slider not found.\")<\/script>\n[\/vc_column][\/vc_row][vc_row full_width=\u00bbstretch_row\u00bb css=\u00bb.vc_custom_1695654236356{padding-top: 0px !important;padding-bottom: 5em !important;}\u00bb el_class=\u00bbazure-gradient\u00bb][vc_column]<h2 class=\"deco-title sinistra \"><span>Ferias y Eventos<\/span><\/h2><section class=\"br-slider\" data-columns=\"4\">\n\t\t\t\t\t\t\t<div class=\"br-slider-header inline\">\n\t\t\t\t\t\t\t\t<div class=\"br-slider-control\">\n\t\t\t\t\t\t\t\t\t<span class=\"br-slider-control-left\" title=\"Anterior\"><i class=\"fas fa-arrow-left\"><\/i><\/span>\n\t\t\t\t\t\t\t\t\t<span class=\"br-slider-control-right\" title=\"Siguiente\"><i class=\"fas fa-arrow-right\"><\/i><\/span>\n\t\t\t\t\t\t\t\t<\/div>\n\t\t\t\t\t\t\t<\/div>\n\t\t\t\t\t\t\t<div class=\"br-slider-stager\">\n\t\t\t\t\t\t\t\t<div class=\"br-slider-gallery\">\n\t\t\t\t\t\t\t\t\t<div class=\"row\">\n\t\t\t\t\t\t\t\t\t\t<div class=\"col-xl-3 col-lg-6 offset-lg-0\">\n\t\t\t\t\t\t<div id=\"post-65446\" class=\"br-element card-element with-image post-65446 post type-post status-publish format-standard has-post-thumbnail hentry category-ferias-y-eventos\" >\n\t\t\t\t\t\t\t<a class=\"card mb-3 d-block\" href=\"https:\/\/www.macfrut.com\/en\/\" title=\"Del 21 al 23 de abril en la Feria de Rimini.\">\n\t\t\t\t\t\t\t\t<figure title=\"Del 21 al 23 de abril en la Feria de Rimini.\" class=\"card-img-top aspect-image mb-0\" style=\"background-image:url('https:\/\/www.ilip.it\/wp-content\/uploads\/2026\/03\/ilip-macfrut-2026-1024x1024.jpg'); aspect-ratio:1 \/ 1;\">\n\t\t\t\t\t<img width=\"1024\" height=\"1024\" data-src=\"https:\/\/www.ilip.it\/wp-content\/uploads\/2026\/03\/ilip-macfrut-2026-1024x1024.jpg\" class=\"lazyload wp-post-image\" alt=\"\" srcset=\"https:\/\/www.ilip.it\/wp-content\/uploads\/2026\/03\/ilip-macfrut-2026-1024x1024.jpg 1024w, https:\/\/www.ilip.it\/wp-content\/uploads\/2026\/03\/ilip-macfrut-2026-300x300.jpg 300w, https:\/\/www.ilip.it\/wp-content\/uploads\/2026\/03\/ilip-macfrut-2026-150x150.jpg 150w, https:\/\/www.ilip.it\/wp-content\/uploads\/2026\/03\/ilip-macfrut-2026-768x768.jpg 768w, https:\/\/www.ilip.it\/wp-content\/uploads\/2026\/03\/ilip-macfrut-2026.jpg 1080w\" sizes=\"(max-width: 1024px) 100vw, 1024px\" \/>\n\t\t\t\t<\/figure>\n\t\t\t\t\t\t\t\t<div class=\"card-body\">\n\t\t\t\t\t\t\t\t\t\n\t\t\t\t\t\t\t\t\t<h3 class=\"card-title mb-2\">Del 21 al 23 de abril en la Feria de Rimini.<\/h3>\n\t\t\t\t\t\t\t\t\t<div class=\"card-text\">\u00a1Vis\u00edtenos en la feria internacional de frutas y verduras! Nos encontrar\u00e1s en nuestro stand 073, en el pabell\u00f3n B3.<\/div>\n\t\t\t\t\t\t\t\t\t<div class=\"card-button-wrapper\">\n\t\t\t\t\t\t\t\t\t\t<div class=\"d-block w-100 text-end\"><i class=\"fas fa-arrow-right\"><\/i><\/div>\n\t\t\t\t\t\t\t\t\t<\/div>\n\t\t\t\t\t\t\t\t<\/div>\n\t\t\t\t\t\t\t<\/a>\n\t\t\t\t\t\t<\/div>\n\t\t\t\t\t<\/div>\n<div class=\"col-xl-3 col-lg-6 offset-lg-0\">\n\t\t\t\t\t\t<div id=\"post-65529\" class=\"br-element card-element with-image post-65529 post type-post status-publish format-standard has-post-thumbnail hentry category-ferias-y-eventos\" >\n\t\t\t\t\t\t\t<a class=\"card mb-3 d-block\" href=\"https:\/\/www.ifema.es\/fruit-attraction-sao-paulo\/es\/inicio\/\" title=\"Del 24 al 26 de marzo, feria en S\u00e3o Paulo Expo Brasil\">\n\t\t\t\t\t\t\t\t<figure title=\"Del 24 al 26 de marzo, feria en S\u00e3o Paulo Expo Brasil\" class=\"card-img-top aspect-image mb-0\" style=\"background-image:url('https:\/\/www.ilip.it\/wp-content\/uploads\/2026\/03\/banner_fruit_attraction2.jpg'); aspect-ratio:1 \/ 1;\">\n\t\t\t\t\t<img width=\"800\" height=\"800\" data-src=\"https:\/\/www.ilip.it\/wp-content\/uploads\/2026\/03\/banner_fruit_attraction2.jpg\" class=\"lazyload wp-post-image\" alt=\"\" srcset=\"https:\/\/www.ilip.it\/wp-content\/uploads\/2026\/03\/banner_fruit_attraction2.jpg 800w, https:\/\/www.ilip.it\/wp-content\/uploads\/2026\/03\/banner_fruit_attraction2-300x300.jpg 300w, https:\/\/www.ilip.it\/wp-content\/uploads\/2026\/03\/banner_fruit_attraction2-150x150.jpg 150w, https:\/\/www.ilip.it\/wp-content\/uploads\/2026\/03\/banner_fruit_attraction2-768x768.jpg 768w\" sizes=\"(max-width: 800px) 100vw, 800px\" \/>\n\t\t\t\t<\/figure>\n\t\t\t\t\t\t\t\t<div class=\"card-body\">\n\t\t\t\t\t\t\t\t\t\n\t\t\t\t\t\t\t\t\t<h3 class=\"card-title mb-2\">Del 24 al 26 de marzo, feria en S\u00e3o Paulo Expo Brasil<\/h3>\n\t\t\t\t\t\t\t\t\t<div class=\"card-text\">Te esperamos en el principal evento hortofrut\u00edcola del hemisferio sur, en el stand F31.<\/div>\n\t\t\t\t\t\t\t\t\t<div class=\"card-button-wrapper\">\n\t\t\t\t\t\t\t\t\t\t<div class=\"d-block w-100 text-end\"><i class=\"fas fa-arrow-right\"><\/i><\/div>\n\t\t\t\t\t\t\t\t\t<\/div>\n\t\t\t\t\t\t\t\t<\/div>\n\t\t\t\t\t\t\t<\/a>\n\t\t\t\t\t\t<\/div>\n\t\t\t\t\t<\/div>\n<div class=\"col-xl-3 col-lg-6 offset-lg-0\">\n\t\t\t\t\t\t<div id=\"post-64201\" class=\"br-element card-element with-image post-64201 post type-post status-publish format-standard has-post-thumbnail hentry category-ferias-y-eventos\" >\n\t\t\t\t\t\t\t<a class=\"card mb-3 d-block\" href=\"https:\/\/www.fruitlogistica.com\/en\" title=\"4-6 de febrero de 2026 en Messe Berlin\">\n\t\t\t\t\t\t\t\t<figure title=\"4-6 de febrero de 2026 en Messe Berlin\" class=\"card-img-top aspect-image mb-0\" style=\"background-image:url('https:\/\/www.ilip.it\/wp-content\/uploads\/2025\/11\/ilip-fiere-eventi-fruit-logistica-2025.jpg'); aspect-ratio:1 \/ 1;\">\n\t\t\t\t\t<img width=\"600\" height=\"600\" data-src=\"https:\/\/www.ilip.it\/wp-content\/uploads\/2025\/11\/ilip-fiere-eventi-fruit-logistica-2025.jpg\" class=\"lazyload wp-post-image\" alt=\"\" srcset=\"https:\/\/www.ilip.it\/wp-content\/uploads\/2025\/11\/ilip-fiere-eventi-fruit-logistica-2025.jpg 600w, https:\/\/www.ilip.it\/wp-content\/uploads\/2025\/11\/ilip-fiere-eventi-fruit-logistica-2025-300x300.jpg 300w, https:\/\/www.ilip.it\/wp-content\/uploads\/2025\/11\/ilip-fiere-eventi-fruit-logistica-2025-150x150.jpg 150w\" sizes=\"(max-width: 600px) 100vw, 600px\" \/>\n\t\t\t\t<\/figure>\n\t\t\t\t\t\t\t\t<div class=\"card-body\">\n\t\t\t\t\t\t\t\t\t\n\t\t\t\t\t\t\t\t\t<h3 class=\"card-title mb-2\">4-6 de febrero de 2026 en Messe Berlin<\/h3>\n\t\t\t\t\t\t\t\t\t<div class=\"card-text\">\u00a1Nos vemos en la feria l\u00edder mundial del sector hortofrut\u00edcola! \u00a1Nos encontrar\u00e1s en nuestro stand D-51, en el pabell\u00f3n 5.2!<\/div>\n\t\t\t\t\t\t\t\t\t<div class=\"card-button-wrapper\">\n\t\t\t\t\t\t\t\t\t\t<div class=\"d-block w-100 text-end\"><i class=\"fas fa-arrow-right\"><\/i><\/div>\n\t\t\t\t\t\t\t\t\t<\/div>\n\t\t\t\t\t\t\t\t<\/div>\n\t\t\t\t\t\t\t<\/a>\n\t\t\t\t\t\t<\/div>\n\t\t\t\t\t<\/div>\n<div class=\"col-xl-3 col-lg-6 offset-lg-0\">\n\t\t\t\t\t\t<div id=\"post-64190\" class=\"br-element card-element with-image post-64190 post type-post status-publish format-standard has-post-thumbnail hentry category-ferias-y-eventos\" >\n\t\t\t\t\t\t\t<a class=\"card mb-3 d-block\" href=\"https:\/\/www.marcabybolognafiere.com\/en\/home\/1348.html\" title=\"14 y 15 de enero en Bologna Fiere\">\n\t\t\t\t\t\t\t\t<figure title=\"14 y 15 de enero en Bologna Fiere\" class=\"card-img-top aspect-image mb-0\" style=\"background-image:url('https:\/\/www.ilip.it\/wp-content\/uploads\/2025\/11\/ilip-fiere-eventi-marca-2025.jpg'); aspect-ratio:1 \/ 1;\">\n\t\t\t\t\t<img width=\"600\" height=\"600\" data-src=\"https:\/\/www.ilip.it\/wp-content\/uploads\/2025\/11\/ilip-fiere-eventi-marca-2025.jpg\" class=\"lazyload wp-post-image\" alt=\"\" srcset=\"https:\/\/www.ilip.it\/wp-content\/uploads\/2025\/11\/ilip-fiere-eventi-marca-2025.jpg 600w, https:\/\/www.ilip.it\/wp-content\/uploads\/2025\/11\/ilip-fiere-eventi-marca-2025-300x300.jpg 300w, https:\/\/www.ilip.it\/wp-content\/uploads\/2025\/11\/ilip-fiere-eventi-marca-2025-150x150.jpg 150w\" sizes=\"(max-width: 600px) 100vw, 600px\" \/>\n\t\t\t\t<\/figure>\n\t\t\t\t\t\t\t\t<div class=\"card-body\">\n\t\t\t\t\t\t\t\t\t\n\t\t\t\t\t\t\t\t\t<h3 class=\"card-title mb-2\">14 y 15 de enero en Bologna Fiere<\/h3>\n\t\t\t\t\t\t\t\t\t<div class=\"card-text\">Ven a visitarnos a nuestro stand C3 en el pabell\u00f3n 19, te esperamos en la feria dedicada a la marca del distribuidor, el punto de referencia para la distribuci\u00f3n moderna organizada (DMO).<\/div>\n\t\t\t\t\t\t\t\t\t<div class=\"card-button-wrapper\">\n\t\t\t\t\t\t\t\t\t\t<div class=\"d-block w-100 text-end\"><i class=\"fas fa-arrow-right\"><\/i><\/div>\n\t\t\t\t\t\t\t\t\t<\/div>\n\t\t\t\t\t\t\t\t<\/div>\n\t\t\t\t\t\t\t<\/a>\n\t\t\t\t\t\t<\/div>\n\t\t\t\t\t<\/div>\n<div class=\"col-xl-3 col-lg-6 offset-lg-0\">\n\t\t\t\t\t\t<div id=\"post-52554\" class=\"br-element card-element with-image post-52554 post type-post status-publish format-standard has-post-thumbnail hentry category-ferias-y-eventos\" >\n\t\t\t\t\t\t\t<a class=\"card mb-3 d-block\" href=\"https:\/\/www.expo-se.de\/en\/\" title=\"expoSE 2025\">\n\t\t\t\t\t\t\t\t<figure title=\"expoSE 2025\" class=\"card-img-top aspect-image mb-0\" style=\"background-image:url('https:\/\/www.ilip.it\/wp-content\/uploads\/2025\/07\/expose-logo.jpg'); aspect-ratio:1 \/ 1;\">\n\t\t\t\t\t<img width=\"600\" height=\"600\" data-src=\"https:\/\/www.ilip.it\/wp-content\/uploads\/2025\/07\/expose-logo.jpg\" class=\"lazyload wp-post-image\" alt=\"\" srcset=\"https:\/\/www.ilip.it\/wp-content\/uploads\/2025\/07\/expose-logo.jpg 600w, https:\/\/www.ilip.it\/wp-content\/uploads\/2025\/07\/expose-logo-300x300.jpg 300w, https:\/\/www.ilip.it\/wp-content\/uploads\/2025\/07\/expose-logo-150x150.jpg 150w\" sizes=\"(max-width: 600px) 100vw, 600px\" \/>\n\t\t\t\t<\/figure>\n\t\t\t\t\t\t\t\t<div class=\"card-body\">\n\t\t\t\t\t\t\t\t\t\n\t\t\t\t\t\t\t\t\t<h3 class=\"card-title mb-2\">expoSE 2025<\/h3>\n\t\t\t\t\t\t\t\t\t<div class=\"card-text\">Le esperamos en la feria l\u00edder europea de la fresa y el esp\u00e1rrago los d\u00edas 19 y 20 de noviembre de 2025 en la Feria de Karlsruhe.<\/div>\n\t\t\t\t\t\t\t\t\t<div class=\"card-button-wrapper\">\n\t\t\t\t\t\t\t\t\t\t<div class=\"d-block w-100 text-end\"><i class=\"fas fa-arrow-right\"><\/i><\/div>\n\t\t\t\t\t\t\t\t\t<\/div>\n\t\t\t\t\t\t\t\t<\/div>\n\t\t\t\t\t\t\t<\/a>\n\t\t\t\t\t\t<\/div>\n\t\t\t\t\t<\/div>\n<div class=\"col-xl-3 col-lg-6 offset-lg-0\">\n\t\t\t\t\t\t<div id=\"post-50868\" class=\"br-element card-element with-image post-50868 post type-post status-publish format-standard has-post-thumbnail hentry category-ferias-y-eventos\" >\n\t\t\t\t\t\t\t<a class=\"card mb-3 d-block\" href=\"https:\/\/www.cibustecforum.it\/en\/home\/\" title=\"Cibus Tec Forum, 28\/10 y 29\/10\/2025 en Parma\">\n\t\t\t\t\t\t\t\t<figure title=\"Cibus Tec Forum, 28\/10 y 29\/10\/2025 en Parma\" class=\"card-img-top aspect-image mb-0\" style=\"background-image:url('https:\/\/www.ilip.it\/wp-content\/uploads\/2025\/07\/ilip-cibustec-forum-logo-2025-1024x1024.jpg'); aspect-ratio:1 \/ 1;\">\n\t\t\t\t\t<img width=\"1024\" height=\"1024\" data-src=\"https:\/\/www.ilip.it\/wp-content\/uploads\/2025\/07\/ilip-cibustec-forum-logo-2025-1024x1024.jpg\" class=\"lazyload wp-post-image\" alt=\"\" srcset=\"https:\/\/www.ilip.it\/wp-content\/uploads\/2025\/07\/ilip-cibustec-forum-logo-2025-1024x1024.jpg 1024w, https:\/\/www.ilip.it\/wp-content\/uploads\/2025\/07\/ilip-cibustec-forum-logo-2025-300x300.jpg 300w, https:\/\/www.ilip.it\/wp-content\/uploads\/2025\/07\/ilip-cibustec-forum-logo-2025-150x150.jpg 150w, https:\/\/www.ilip.it\/wp-content\/uploads\/2025\/07\/ilip-cibustec-forum-logo-2025-768x768.jpg 768w, https:\/\/www.ilip.it\/wp-content\/uploads\/2025\/07\/ilip-cibustec-forum-logo-2025.jpg 1350w\" sizes=\"(max-width: 1024px) 100vw, 1024px\" \/>\n\t\t\t\t<\/figure>\n\t\t\t\t\t\t\t\t<div class=\"card-body\">\n\t\t\t\t\t\t\t\t\t\n\t\t\t\t\t\t\t\t\t<h3 class=\"card-title mb-2\">Cibus Tec Forum, 28\/10 y 29\/10\/2025 en Parma<\/h3>\n\t\t\t\t\t\t\t\t\t<div class=\"card-text\">La exposici\u00f3n y conferencia que revoluciona la Tecnolog\u00eda Alimentaria.\r\nLe esperamos en Parma.<\/div>\n\t\t\t\t\t\t\t\t\t<div class=\"card-button-wrapper\">\n\t\t\t\t\t\t\t\t\t\t<div class=\"d-block w-100 text-end\"><i class=\"fas fa-arrow-right\"><\/i><\/div>\n\t\t\t\t\t\t\t\t\t<\/div>\n\t\t\t\t\t\t\t\t<\/div>\n\t\t\t\t\t\t\t<\/a>\n\t\t\t\t\t\t<\/div>\n\t\t\t\t\t<\/div>\n<div class=\"col-xl-3 col-lg-6 offset-lg-0\">\n\t\t\t\t\t\t<div id=\"post-47899\" class=\"br-element card-element with-image post-47899 post type-post status-publish format-standard has-post-thumbnail hentry category-ferias-y-eventos\" >\n\t\t\t\t\t\t\t<a class=\"card mb-3 d-block\" href=\"https:\/\/saudi-agriculture.com\/\" title=\"Saudi Agriculture 2025\">\n\t\t\t\t\t\t\t\t<figure title=\"Saudi Agriculture 2025\" class=\"card-img-top aspect-image mb-0\" style=\"background-image:url('https:\/\/www.ilip.it\/wp-content\/uploads\/2025\/06\/ilip-fiera-saudi-agriculture-es-3.jpg'); aspect-ratio:1 \/ 1;\">\n\t\t\t\t\t<img width=\"600\" height=\"600\" data-src=\"https:\/\/www.ilip.it\/wp-content\/uploads\/2025\/06\/ilip-fiera-saudi-agriculture-es-3.jpg\" class=\"lazyload wp-post-image\" alt=\"\" srcset=\"https:\/\/www.ilip.it\/wp-content\/uploads\/2025\/06\/ilip-fiera-saudi-agriculture-es-3.jpg 600w, https:\/\/www.ilip.it\/wp-content\/uploads\/2025\/06\/ilip-fiera-saudi-agriculture-es-3-300x300.jpg 300w, https:\/\/www.ilip.it\/wp-content\/uploads\/2025\/06\/ilip-fiera-saudi-agriculture-es-3-150x150.jpg 150w\" sizes=\"(max-width: 600px) 100vw, 600px\" \/>\n\t\t\t\t<\/figure>\n\t\t\t\t\t\t\t\t<div class=\"card-body\">\n\t\t\t\t\t\t\t\t\t\n\t\t\t\t\t\t\t\t\t<h3 class=\"card-title mb-2\">Saudi Agriculture 2025<\/h3>\n\t\t\t\t\t\t\t\t\t<div class=\"card-text\">Estamos encantados de participar por primera vez en esta importante feria. Esperamos verle en nuestro stand 5-123 a Riyadh International Convention &amp; Exhibition Centre, Arabia Saud\u00ec.<\/div>\n\t\t\t\t\t\t\t\t\t<div class=\"card-button-wrapper\">\n\t\t\t\t\t\t\t\t\t\t<div class=\"d-block w-100 text-end\"><i class=\"fas fa-arrow-right\"><\/i><\/div>\n\t\t\t\t\t\t\t\t\t<\/div>\n\t\t\t\t\t\t\t\t<\/div>\n\t\t\t\t\t\t\t<\/a>\n\t\t\t\t\t\t<\/div>\n\t\t\t\t\t<\/div>\n<div class=\"col-xl-3 col-lg-6 offset-lg-0\">\n\t\t\t\t\t\t<div id=\"post-41749\" class=\"br-element card-element with-image post-41749 post type-post status-publish format-standard has-post-thumbnail hentry category-ferias-y-eventos\" >\n\t\t\t\t\t\t\t<a class=\"card mb-3 d-block\" href=\"https:\/\/www.ifema.es\/fruit-attraction\" title=\"Fruit Attraction 2025, 30 septiembre \u2013 2 octubre en Madrid\">\n\t\t\t\t\t\t\t\t<figure title=\"Fruit Attraction 2025, 30 septiembre \u2013 2 octubre en Madrid\" class=\"card-img-top aspect-image mb-0\" style=\"background-image:url('https:\/\/www.ilip.it\/wp-content\/uploads\/2024\/06\/fruit_attraction_es.png'); aspect-ratio:1 \/ 1;\">\n\t\t\t\t\t<img width=\"567\" height=\"567\" data-src=\"https:\/\/www.ilip.it\/wp-content\/uploads\/2024\/06\/fruit_attraction_es.png\" class=\"lazyload wp-post-image\" alt=\"\" srcset=\"https:\/\/www.ilip.it\/wp-content\/uploads\/2024\/06\/fruit_attraction_es.png 567w, https:\/\/www.ilip.it\/wp-content\/uploads\/2024\/06\/fruit_attraction_es-300x300.png 300w, https:\/\/www.ilip.it\/wp-content\/uploads\/2024\/06\/fruit_attraction_es-150x150.png 150w\" sizes=\"(max-width: 567px) 100vw, 567px\" \/>\n\t\t\t\t<\/figure>\n\t\t\t\t\t\t\t\t<div class=\"card-body\">\n\t\t\t\t\t\t\t\t\t\n\t\t\t\t\t\t\t\t\t<h3 class=\"card-title mb-2\">Fruit Attraction 2025, 30 septiembre \u2013 2 octubre en Madrid<\/h3>\n\t\t\t\t\t\t\t\t\t<div class=\"card-text\">Estaremos encantados de darle la bienvenida en nuestro stand 9B21.<\/div>\n\t\t\t\t\t\t\t\t\t<div class=\"card-button-wrapper\">\n\t\t\t\t\t\t\t\t\t\t<div class=\"d-block w-100 text-end\"><i class=\"fas fa-arrow-right\"><\/i><\/div>\n\t\t\t\t\t\t\t\t\t<\/div>\n\t\t\t\t\t\t\t\t<\/div>\n\t\t\t\t\t\t\t<\/a>\n\t\t\t\t\t\t<\/div>\n\t\t\t\t\t<\/div>\n<div class=\"col-xl-3 col-lg-6 offset-lg-0\">\n\t\t\t\t\t\t<div id=\"post-35512\" class=\"br-element card-element with-image post-35512 post type-post status-publish format-standard has-post-thumbnail hentry category-ferias-y-eventos\" >\n\t\t\t\t\t\t\t<a class=\"card mb-3 d-block\" href=\"https:\/\/www.macfrut.com\/en\/\" title=\"Macfrut 2025\">\n\t\t\t\t\t\t\t\t<figure title=\"Macfrut 2025\" class=\"card-img-top aspect-image mb-0\" style=\"background-image:url('https:\/\/www.ilip.it\/wp-content\/uploads\/2025\/03\/MACFRUT_static_banner_297x315pxl_ENG.jpg'); aspect-ratio:1 \/ 1;\">\n\t\t\t\t\t<img width=\"297\" height=\"315\" data-src=\"https:\/\/www.ilip.it\/wp-content\/uploads\/2025\/03\/MACFRUT_static_banner_297x315pxl_ENG.jpg\" class=\"lazyload wp-post-image\" alt=\"\" srcset=\"https:\/\/www.ilip.it\/wp-content\/uploads\/2025\/03\/MACFRUT_static_banner_297x315pxl_ENG.jpg 297w, https:\/\/www.ilip.it\/wp-content\/uploads\/2025\/03\/MACFRUT_static_banner_297x315pxl_ENG-283x300.jpg 283w\" sizes=\"(max-width: 297px) 100vw, 297px\" \/>\n\t\t\t\t<\/figure>\n\t\t\t\t\t\t\t\t<div class=\"card-body\">\n\t\t\t\t\t\t\t\t\t\n\t\t\t\t\t\t\t\t\t<h3 class=\"card-title mb-2\">Macfrut 2025<\/h3>\n\t\t\t\t\t\t\t\t\t<div class=\"card-text\">Esperamos verle en nuestro stand 115 del pabell\u00f3n B3.<\/div>\n\t\t\t\t\t\t\t\t\t<div class=\"card-button-wrapper\">\n\t\t\t\t\t\t\t\t\t\t<div class=\"d-block w-100 text-end\"><i class=\"fas fa-arrow-right\"><\/i><\/div>\n\t\t\t\t\t\t\t\t\t<\/div>\n\t\t\t\t\t\t\t\t<\/div>\n\t\t\t\t\t\t\t<\/a>\n\t\t\t\t\t\t<\/div>\n\t\t\t\t\t<\/div>\n<div class=\"col-xl-3 col-lg-6 offset-lg-0\">\n\t\t\t\t\t\t<div id=\"post-35833\" class=\"br-element card-element with-image post-35833 post type-post status-publish format-standard has-post-thumbnail hentry category-ferias-y-eventos\" >\n\t\t\t\t\t\t\t<a class=\"card mb-3 d-block\" href=\"https:\/\/www.ifema.es\/fruit-attraction-sao-paulo\/es\/inicio\/\" title=\"Fruit Attraction S\u00e3o Paulo\">\n\t\t\t\t\t\t\t\t<figure title=\"Fruit Attraction S\u00e3o Paulo\" class=\"card-img-top aspect-image mb-0\" style=\"background-image:url('https:\/\/www.ilip.it\/wp-content\/uploads\/2025\/03\/logo-per-social-media-1024x1024.jpg'); aspect-ratio:1 \/ 1;\">\n\t\t\t\t\t<img width=\"1024\" height=\"1024\" data-src=\"https:\/\/www.ilip.it\/wp-content\/uploads\/2025\/03\/logo-per-social-media-1024x1024.jpg\" class=\"lazyload wp-post-image\" alt=\"\" srcset=\"https:\/\/www.ilip.it\/wp-content\/uploads\/2025\/03\/logo-per-social-media-1024x1024.jpg 1024w, https:\/\/www.ilip.it\/wp-content\/uploads\/2025\/03\/logo-per-social-media-300x300.jpg 300w, https:\/\/www.ilip.it\/wp-content\/uploads\/2025\/03\/logo-per-social-media-150x150.jpg 150w, https:\/\/www.ilip.it\/wp-content\/uploads\/2025\/03\/logo-per-social-media-768x768.jpg 768w, https:\/\/www.ilip.it\/wp-content\/uploads\/2025\/03\/logo-per-social-media.jpg 1080w\" sizes=\"(max-width: 1024px) 100vw, 1024px\" \/>\n\t\t\t\t<\/figure>\n\t\t\t\t\t\t\t\t<div class=\"card-body\">\n\t\t\t\t\t\t\t\t\t\n\t\t\t\t\t\t\t\t\t<h3 class=\"card-title mb-2\">Fruit Attraction S\u00e3o Paulo<\/h3>\n\t\t\t\t\t\t\t\t\t<div class=\"card-text\">Esperamos verle en nuestro stand G105\/G107.<\/div>\n\t\t\t\t\t\t\t\t\t<div class=\"card-button-wrapper\">\n\t\t\t\t\t\t\t\t\t\t<div class=\"d-block w-100 text-end\"><i class=\"fas fa-arrow-right\"><\/i><\/div>\n\t\t\t\t\t\t\t\t\t<\/div>\n\t\t\t\t\t\t\t\t<\/div>\n\t\t\t\t\t\t\t<\/a>\n\t\t\t\t\t\t<\/div>\n\t\t\t\t\t<\/div>\n<div class=\"col-xl-3 col-lg-6 offset-lg-0\">\n\t\t\t\t\t\t<div id=\"post-34835\" class=\"br-element card-element with-image post-34835 post type-post status-publish format-standard has-post-thumbnail hentry category-ferias-y-eventos category-todas-las-noticias\" >\n\t\t\t\t\t\t\t<a class=\"card mb-3 d-block\" href=\"https:\/\/konferencjaborowkowa.pl\/en\/home\/\" title=\"International Blueberry Conference 2025\">\n\t\t\t\t\t\t\t\t<figure title=\"International Blueberry Conference 2025\" class=\"card-img-top aspect-image mb-0\" style=\"background-image:url('https:\/\/www.ilip.it\/wp-content\/uploads\/2025\/02\/KB2025_ENG-1024x1024.png'); aspect-ratio:1 \/ 1;\">\n\t\t\t\t\t<img width=\"1024\" height=\"1024\" data-src=\"https:\/\/www.ilip.it\/wp-content\/uploads\/2025\/02\/KB2025_ENG-1024x1024.png\" class=\"lazyload wp-post-image\" alt=\"\" srcset=\"https:\/\/www.ilip.it\/wp-content\/uploads\/2025\/02\/KB2025_ENG-1024x1024.png 1024w, https:\/\/www.ilip.it\/wp-content\/uploads\/2025\/02\/KB2025_ENG-300x300.png 300w, https:\/\/www.ilip.it\/wp-content\/uploads\/2025\/02\/KB2025_ENG-150x150.png 150w, https:\/\/www.ilip.it\/wp-content\/uploads\/2025\/02\/KB2025_ENG-768x768.png 768w, https:\/\/www.ilip.it\/wp-content\/uploads\/2025\/02\/KB2025_ENG.png 1200w\" sizes=\"(max-width: 1024px) 100vw, 1024px\" \/>\n\t\t\t\t<\/figure>\n\t\t\t\t\t\t\t\t<div class=\"card-body\">\n\t\t\t\t\t\t\t\t\t\n\t\t\t\t\t\t\t\t\t<h3 class=\"card-title mb-2\">International Blueberry Conference 2025<\/h3>\n\t\t\t\t\t\t\t\t\t<div class=\"card-text\">6 y 7 de marzo, O\u017car\u00f3w Mazowiecki, Polonia. \u00a1Estamos orgullosos de ser patrocinadores! \u00a1Encu\u00e9ntrenos en la 13\u00aa Conferencia Internacional del Ar\u00e1ndano!<\/div>\n\t\t\t\t\t\t\t\t\t<div class=\"card-button-wrapper\">\n\t\t\t\t\t\t\t\t\t\t<div class=\"d-block w-100 text-end\"><i class=\"fas fa-arrow-right\"><\/i><\/div>\n\t\t\t\t\t\t\t\t\t<\/div>\n\t\t\t\t\t\t\t\t<\/div>\n\t\t\t\t\t\t\t<\/a>\n\t\t\t\t\t\t<\/div>\n\t\t\t\t\t<\/div>\n<div class=\"col-xl-3 col-lg-6 offset-lg-0\">\n\t\t\t\t\t\t<div id=\"post-31017\" class=\"br-element card-element with-image post-31017 post type-post status-publish format-standard has-post-thumbnail hentry category-ferias-y-eventos\" >\n\t\t\t\t\t\t\t<a class=\"card mb-3 d-block\" href=\"https:\/\/www.fruitlogistica.com\/\" title=\"Fruit Logistica, del 5 al 7 de febrero de 2025 en Berl\u00edn\">\n\t\t\t\t\t\t\t\t<figure title=\"Fruit Logistica, del 5 al 7 de febrero de 2025 en Berl\u00edn\" class=\"card-img-top aspect-image mb-0\" style=\"background-image:url('https:\/\/www.ilip.it\/wp-content\/uploads\/2024\/10\/fruit-logistic-2025.jpg'); aspect-ratio:1 \/ 1;\">\n\t\t\t\t\t<img width=\"512\" height=\"512\" data-src=\"https:\/\/www.ilip.it\/wp-content\/uploads\/2024\/10\/fruit-logistic-2025.jpg\" class=\"lazyload wp-post-image\" alt=\"\" srcset=\"https:\/\/www.ilip.it\/wp-content\/uploads\/2024\/10\/fruit-logistic-2025.jpg 512w, https:\/\/www.ilip.it\/wp-content\/uploads\/2024\/10\/fruit-logistic-2025-300x300.jpg 300w, https:\/\/www.ilip.it\/wp-content\/uploads\/2024\/10\/fruit-logistic-2025-150x150.jpg 150w\" sizes=\"(max-width: 512px) 100vw, 512px\" \/>\n\t\t\t\t<\/figure>\n\t\t\t\t\t\t\t\t<div class=\"card-body\">\n\t\t\t\t\t\t\t\t\t\n\t\t\t\t\t\t\t\t\t<h3 class=\"card-title mb-2\">Fruit Logistica, del 5 al 7 de febrero de 2025 en Berl\u00edn<\/h3>\n\t\t\t\t\t\t\t\t\t<div class=\"card-text\">\u00a1Ven a visitarnos a Berl\u00edn, en el pabell\u00f3n 5.2, stand D-1!<\/div>\n\t\t\t\t\t\t\t\t\t<div class=\"card-button-wrapper\">\n\t\t\t\t\t\t\t\t\t\t<div class=\"d-block w-100 text-end\"><i class=\"fas fa-arrow-right\"><\/i><\/div>\n\t\t\t\t\t\t\t\t\t<\/div>\n\t\t\t\t\t\t\t\t<\/div>\n\t\t\t\t\t\t\t<\/a>\n\t\t\t\t\t\t<\/div>\n\t\t\t\t\t<\/div>\n<div class=\"col-xl-3 col-lg-6 offset-lg-0\">\n\t\t\t\t\t\t<div id=\"post-31003\" class=\"br-element card-element with-image post-31003 post type-post status-publish format-standard has-post-thumbnail hentry category-ferias-y-eventos\" >\n\t\t\t\t\t\t\t<a class=\"card mb-3 d-block\" href=\"https:\/\/www.marcabybolognafiere.com\/en\/home\/1348.html\" title=\"Marca, 15 y 16 de enero de 2025 en Bolonia\">\n\t\t\t\t\t\t\t\t<figure title=\"Marca, 15 y 16 de enero de 2025 en Bolonia\" class=\"card-img-top aspect-image mb-0\" style=\"background-image:url('https:\/\/www.ilip.it\/wp-content\/uploads\/2024\/10\/logo-marca-2025.jpg'); aspect-ratio:1 \/ 1;\">\n\t\t\t\t\t<img width=\"512\" height=\"512\" data-src=\"https:\/\/www.ilip.it\/wp-content\/uploads\/2024\/10\/logo-marca-2025.jpg\" class=\"lazyload wp-post-image\" alt=\"\" srcset=\"https:\/\/www.ilip.it\/wp-content\/uploads\/2024\/10\/logo-marca-2025.jpg 512w, https:\/\/www.ilip.it\/wp-content\/uploads\/2024\/10\/logo-marca-2025-300x300.jpg 300w, https:\/\/www.ilip.it\/wp-content\/uploads\/2024\/10\/logo-marca-2025-150x150.jpg 150w\" sizes=\"(max-width: 512px) 100vw, 512px\" \/>\n\t\t\t\t<\/figure>\n\t\t\t\t\t\t\t\t<div class=\"card-body\">\n\t\t\t\t\t\t\t\t\t\n\t\t\t\t\t\t\t\t\t<h3 class=\"card-title mb-2\">Marca, 15 y 16 de enero de 2025 en Bolonia<\/h3>\n\t\t\t\t\t\t\t\t\t<div class=\"card-text\">\u00a1Esperamos verle en Bolonia los d\u00edas 15 y 16 de enero de 2025 en el pabell\u00f3n 36, stand C35!<\/div>\n\t\t\t\t\t\t\t\t\t<div class=\"card-button-wrapper\">\n\t\t\t\t\t\t\t\t\t\t<div class=\"d-block w-100 text-end\"><i class=\"fas fa-arrow-right\"><\/i><\/div>\n\t\t\t\t\t\t\t\t\t<\/div>\n\t\t\t\t\t\t\t\t<\/div>\n\t\t\t\t\t\t\t<\/a>\n\t\t\t\t\t\t<\/div>\n\t\t\t\t\t<\/div>\n<div class=\"col-xl-3 col-lg-6 offset-lg-0\">\n\t\t\t\t\t\t<div id=\"post-28902\" class=\"br-element card-element with-image post-28902 post type-post status-publish format-standard has-post-thumbnail hentry category-ferias-y-eventos\" >\n\t\t\t\t\t\t\t<a class=\"card mb-3 d-block\" href=\"https:\/\/www.fruitnet.com\/dogk\" title=\"Congreso Alem\u00e1n de Frutas y Hortalizas (DOGK), 23 y 24 de septiembre de 2024 en D\u00fcsseldorf\">\n\t\t\t\t\t\t\t\t<figure title=\"Congreso Alem\u00e1n de Frutas y Hortalizas (DOGK), 23 y 24 de septiembre de 2024 en D\u00fcsseldorf\" class=\"card-img-top aspect-image mb-0\" style=\"background-image:url('https:\/\/www.ilip.it\/wp-content\/uploads\/2024\/06\/DOGK24.jpg'); aspect-ratio:1 \/ 1;\">\n\t\t\t\t\t<img width=\"800\" height=\"800\" data-src=\"https:\/\/www.ilip.it\/wp-content\/uploads\/2024\/06\/DOGK24.jpg\" class=\"lazyload wp-post-image\" alt=\"\" srcset=\"https:\/\/www.ilip.it\/wp-content\/uploads\/2024\/06\/DOGK24.jpg 800w, https:\/\/www.ilip.it\/wp-content\/uploads\/2024\/06\/DOGK24-300x300.jpg 300w, https:\/\/www.ilip.it\/wp-content\/uploads\/2024\/06\/DOGK24-150x150.jpg 150w, https:\/\/www.ilip.it\/wp-content\/uploads\/2024\/06\/DOGK24-768x768.jpg 768w\" sizes=\"(max-width: 800px) 100vw, 800px\" \/>\n\t\t\t\t<\/figure>\n\t\t\t\t\t\t\t\t<div class=\"card-body\">\n\t\t\t\t\t\t\t\t\t\n\t\t\t\t\t\t\t\t\t<h3 class=\"card-title mb-2\">Congreso Alem\u00e1n de Frutas y Hortalizas (DOGK), 23 y 24 de septiembre de 2024 en D\u00fcsseldorf<\/h3>\n\t\t\t\t\t\t\t\t\t<div class=\"card-text\">ILIP est\u00e1 presente como patrocinador GOLD. Nos vemos en D\u00fcsseldorf.<\/div>\n\t\t\t\t\t\t\t\t\t<div class=\"card-button-wrapper\">\n\t\t\t\t\t\t\t\t\t\t<div class=\"d-block w-100 text-end\"><i class=\"fas fa-arrow-right\"><\/i><\/div>\n\t\t\t\t\t\t\t\t\t<\/div>\n\t\t\t\t\t\t\t\t<\/div>\n\t\t\t\t\t\t\t<\/a>\n\t\t\t\t\t\t<\/div>\n\t\t\t\t\t<\/div>\n<div class=\"col-xl-3 col-lg-6 offset-lg-0\">\n\t\t\t\t\t\t<div id=\"post-28900\" class=\"br-element card-element with-image post-28900 post type-post status-publish format-standard has-post-thumbnail hentry category-ferias-y-eventos\" >\n\t\t\t\t\t\t\t<a class=\"card mb-3 d-block\" href=\"https:\/\/www.ifema.es\/fruit-attraction\" title=\"Fruit Atracci\u00f3n, del 8 al 10 de octubre de 2024 en Madrid\">\n\t\t\t\t\t\t\t\t<figure title=\"Fruit Atracci\u00f3n, del 8 al 10 de octubre de 2024 en Madrid\" class=\"card-img-top aspect-image mb-0\" style=\"background-image:url('https:\/\/www.ilip.it\/wp-content\/uploads\/2024\/06\/fruit_attraction_es.png'); aspect-ratio:1 \/ 1;\">\n\t\t\t\t\t<img width=\"567\" height=\"567\" data-src=\"https:\/\/www.ilip.it\/wp-content\/uploads\/2024\/06\/fruit_attraction_es.png\" class=\"lazyload wp-post-image\" alt=\"\" srcset=\"https:\/\/www.ilip.it\/wp-content\/uploads\/2024\/06\/fruit_attraction_es.png 567w, https:\/\/www.ilip.it\/wp-content\/uploads\/2024\/06\/fruit_attraction_es-300x300.png 300w, https:\/\/www.ilip.it\/wp-content\/uploads\/2024\/06\/fruit_attraction_es-150x150.png 150w\" sizes=\"(max-width: 567px) 100vw, 567px\" \/>\n\t\t\t\t<\/figure>\n\t\t\t\t\t\t\t\t<div class=\"card-body\">\n\t\t\t\t\t\t\t\t\t\n\t\t\t\t\t\t\t\t\t<h3 class=\"card-title mb-2\">Fruit Atracci\u00f3n, del 8 al 10 de octubre de 2024 en Madrid<\/h3>\n\t\t\t\t\t\t\t\t\t<div class=\"card-text\">Esperamos darle la bienvenida en nuestro stand 9B21.<\/div>\n\t\t\t\t\t\t\t\t\t<div class=\"card-button-wrapper\">\n\t\t\t\t\t\t\t\t\t\t<div class=\"d-block w-100 text-end\"><i class=\"fas fa-arrow-right\"><\/i><\/div>\n\t\t\t\t\t\t\t\t\t<\/div>\n\t\t\t\t\t\t\t\t<\/div>\n\t\t\t\t\t\t\t<\/a>\n\t\t\t\t\t\t<\/div>\n\t\t\t\t\t<\/div>\n<div class=\"col-xl-3 col-lg-6 offset-lg-0\">\n\t\t\t\t\t\t<div id=\"post-28208\" class=\"br-element card-element with-image post-28208 post type-post status-publish format-standard has-post-thumbnail hentry category-ferias-y-eventos category-todas-las-noticias\" >\n\t\t\t\t\t\t\t<a class=\"card mb-3 d-block\" href=\"https:\/\/www.ilip.it\/es\/todas-las-noticias\/ilip-at-sipsa-in-algiers-with-its-packaging-solutions-made-in-italy\/\" title=\"ILIP at SIPSA in Algiers with its packaging solutions made in Italy\">\n\t\t\t\t\t\t\t\t<figure title=\"ILIP at SIPSA in Algiers with its packaging solutions made in Italy\" class=\"card-img-top aspect-image mb-0\" style=\"background-image:url('https:\/\/www.ilip.it\/wp-content\/uploads\/2024\/05\/Sipsa-Sito.png'); aspect-ratio:1 \/ 1;\">\n\t\t\t\t\t<img width=\"600\" height=\"600\" data-src=\"https:\/\/www.ilip.it\/wp-content\/uploads\/2024\/05\/Sipsa-Sito.png\" class=\"lazyload wp-post-image\" alt=\"\" srcset=\"https:\/\/www.ilip.it\/wp-content\/uploads\/2024\/05\/Sipsa-Sito.png 600w, https:\/\/www.ilip.it\/wp-content\/uploads\/2024\/05\/Sipsa-Sito-300x300.png 300w, https:\/\/www.ilip.it\/wp-content\/uploads\/2024\/05\/Sipsa-Sito-150x150.png 150w\" sizes=\"(max-width: 600px) 100vw, 600px\" \/>\n\t\t\t\t<\/figure>\n\t\t\t\t\t\t\t\t<div class=\"card-body\">\n\t\t\t\t\t\t\t\t\t\n\t\t\t\t\t\t\t\t\t<h3 class=\"card-title mb-2\">ILIP at SIPSA in Algiers with its packaging solutions made in Italy<\/h3>\n\t\t\t\t\t\t\t\t\t<div class=\"card-text\">Participating for the first time in the African continent\u2019s leading trade fair dedicated to the agro-industry, the Italian company is bringing all the best packaging proposals for local production to the show. Bologna &#8211; Italy (13th May 2024) &#8211; From 20 to 23 May, ILIP will be a first-time exhibitor at Sipsa, the exhibition dedicated [&hellip;]<\/div>\n\t\t\t\t\t\t\t\t\t<div class=\"card-button-wrapper\">\n\t\t\t\t\t\t\t\t\t\t<div class=\"d-block w-100 text-end\"><i class=\"fas fa-arrow-right\"><\/i><\/div>\n\t\t\t\t\t\t\t\t\t<\/div>\n\t\t\t\t\t\t\t\t<\/div>\n\t\t\t\t\t\t\t<\/a>\n\t\t\t\t\t\t<\/div>\n\t\t\t\t\t<\/div>\n\t\t\t\t\t\t\t\t\t<\/div>\n\t\t\t\t\t\t\t\t<\/div>\n\t\t\t\t\t\t\t<\/div>\n\t\t\t\t\t\t<\/section>[\/vc_column][\/vc_row][vc_row full_width=\u00bbstretch_row\u00bb equal_height=\u00bbyes\u00bb content_placement=\u00bbmiddle\u00bb el_class=\u00bbtext-white\u00bb css=\u00bb.vc_custom_1695734072166{padding-top: 1em !important;padding-bottom: 1em !important;background-image: url(https:\/\/www.ilip.it\/wp-content\/uploads\/2021\/01\/foresta-sfondo-low.jpg?id=6331) !important;background-position: center !important;background-repeat: no-repeat !important;background-size: cover !important;}\u00bb][vc_column width=\u00bb1\/3&#8243;]<h2 class=\"deco-title sinistra text-white\" style=\"font-weight:400;\"><span><strong>Con vosotros,<\/strong> siempre<\/span><\/h2>[vc_column_text el_class=\u00bbtext-white\u00bb]\u00bfNo puede comunicarse con nosotros en la feria? \u00a1No hay problema, ILIP siempre muestra sus novedades en los <strong>stands virtuales<\/strong>![\/vc_column_text][\/vc_column][vc_column width=\u00bb1\/3&#8243;][\/vc_column][vc_column width=\u00bb1\/3&#8243;][\/vc_column][\/vc_row][vc_row equal_height=\u00bbyes\u00bb content_placement=\u00bbmiddle\u00bb css_animation=\u00bbbottom-to-top\u00bb el_class=\u00bbfloating-row\u00bb css=\u00bb.vc_custom_1695734862432{margin-bottom: 3em !important;}\u00bb][vc_column width=\u00bb1\/3&#8243;][\/vc_column][vc_column width=\u00bb1\/3&#8243;]<a  class=\"shape-2 shaped\"href=\"https:\/\/freshproduce.ilip.it\/en\/\"><figure class=\"block-wrapper aspect-image sinistra text-white shape-2\" style=\"background-image:url('https:\/\/www.ilip.it\/wp-content\/uploads\/2023\/09\/fresh-produce-stand.jpg'); aspect-ratio:3 \/ 2;\">\n\t\t\n\t\t<div class=\"block-wrapper-content\" style=\"background:linear-gradient(to right, #067518DD, #06751833);;\">\n\t\t\t<div class=\"block-wrapper-text\" style=\"vertical-align:middle;\">\n\t\t\t\t\n\t\t\t\t<span class=\"eylet\">Stand Virtual<\/span>\n\t\t\t\t<h2>Fresh Produce<\/h2>\n\t\t\t\t<div class=\"block-wrapper-description\">Las mejores soluciones para el embalaje sostenible y que aumenta el archivo de los productos frescos.<\/div>\n\t\t\t\t\n\t\t\t<\/div>\n\t\t<\/div>\n\t<\/figure><\/a>[\/vc_column][vc_column width=\u00bb1\/3&#8243;]<a  class=\"shape-3 shaped\"href=\"https:\/\/foodservice.ilip.it\/en\/\"><figure class=\"block-wrapper aspect-image sinistra text-white shape-3\" style=\"background-image:url('https:\/\/www.ilip.it\/wp-content\/uploads\/2023\/09\/food-service-stand.jpg'); aspect-ratio:3 \/ 2;\">\n\t\t\n\t\t<div class=\"block-wrapper-content\" style=\"background:linear-gradient(to right, #00a9dcDD, #00a9dc33);;\">\n\t\t\t<div class=\"block-wrapper-text\" style=\"vertical-align:middle;\">\n\t\t\t\t\n\t\t\t\t<span class=\"eylet\">Stand Virtual<\/span>\n\t\t\t\t<h2>Food Service<\/h2>\n\t\t\t\t<div class=\"block-wrapper-description\">El desechable de alimentos como nunca lo ha visto: sostenible, pr\u00e1ctico y hermoso en cualquier ocasi\u00f3n. para fiestas entre amigos, catering y catering profesional.<\/div>\n\t\t\t\t\n\t\t\t<\/div>\n\t\t<\/div>\n\t<\/figure><\/a>[\/vc_column][\/vc_row][vc_row full_width=\u00bbstretch_row\u00bb parallax=\u00bbcontent-moving\u00bb parallax_image=\u00bb286&#8243; css=\u00bb.vc_custom_1695312015423{padding-top: 4em !important;padding-bottom: 4em !important;background-color: #ffffff !important;background-position: center;background-repeat: no-repeat !important;background-size: cover !important;}\u00bb][vc_column css_animation=\u00bbleft-to-right\u00bb width=\u00bb1\/2&#8243; el_class=\u00bbbackground-linear-gradient shadow\u00bb css=\u00bb.vc_custom_1695298918653{padding-top: 1em !important;padding-right: 1em !important;padding-bottom: 2em !important;padding-left: 1em !important;background-color: rgba(255,255,255,0.8) !important;*background-color: rgb(255,255,255) !important;}\u00bb]<h2 class=\"deco-title sinistra \" style=\"font-weight:400;\"><span><strong>ILIP<\/strong> para el medio ambiente y RSC<\/span><\/h2>[vc_column_text]Pol\u00edticas de Responsabilidad Social Corporativa (RSC) y<br \/>\nPlan de Sostenibilidad Empresarial.<\/p>\n<p>Adem\u00e1s de nuestra pol\u00edtica de sostenibilidad ambiental de nuestros productos basada en 3R, Reducci\u00f3n del uso de materias primas y desperdicio de alimentos, ILIP lanza un nuevo Plan de Sostenibilidad Corporativa y Pol\u00edticas de RSC.[\/vc_column_text]<div class=\"button-wrapper sinistra\"><a class=\"btn btn-default btn-lg\" href=\"\/es\/sostenibilidad\/\" title=\"Descubre nuestro compromiso con la empresa\">Descubre nuestro compromiso con la empresa<\/a><\/div>[\/vc_column][vc_column width=\u00bb1\/2&#8243;][\/vc_column][\/vc_row][vc_row full_width=\u00bbstretch_row\u00bb css=\u00bb.vc_custom_1695654236356{padding-top: 0px !important;padding-bottom: 5em !important;}\u00bb el_class=\u00bbazure-gradient\u00bb][vc_column]<h2 class=\"deco-title sinistra \"><span>Noticias<\/span><\/h2><section class=\"br-slider\" data-columns=\"4\">\n\t\t\t\t\t\t\t<div class=\"br-slider-header inline\">\n\t\t\t\t\t\t\t\t<div class=\"br-slider-control\">\n\t\t\t\t\t\t\t\t\t<span class=\"br-slider-control-left\" title=\"Anterior\"><i class=\"fas fa-arrow-left\"><\/i><\/span>\n\t\t\t\t\t\t\t\t\t<span class=\"br-slider-control-right\" title=\"Siguiente\"><i class=\"fas fa-arrow-right\"><\/i><\/span>\n\t\t\t\t\t\t\t\t<\/div>\n\t\t\t\t\t\t\t<\/div>\n\t\t\t\t\t\t\t<div class=\"br-slider-stager\">\n\t\t\t\t\t\t\t\t<div class=\"br-slider-gallery\">\n\t\t\t\t\t\t\t\t\t<div class=\"row\">\n\t\t\t\t\t\t\t\t\t\t<div class=\"col-xl-3 col-lg-6 offset-lg-0\">\n\t\t\t\t\t\t<div id=\"post-66270\" class=\"br-element card-element post-66270 post type-post status-publish format-standard hentry category-todas-las-noticias\" >\n\t\t\t\t\t\t\t<a class=\"card mb-3 d-block\" href=\"https:\/\/www.ilip.it\/es\/todas-las-noticias\/ilip-at-macfrut-2026-with-solutions-for-the-entire-fruit-and-vegetable-supply-chain-from-packaging-for-delicate-fruit-to-professional-nursery-production\/\" title=\"ILIP AT MACFRUT 2026 WITH SOLUTIONS FOR THE ENTIRE FRUIT AND VEGETABLE SUPPLY CHAIN, FROM PACKAGING FOR DELICATE FRUIT TO PROFESSIONAL NURSERY PRODUCTION\">\n\t\t\t\t\t\t\t\t\n\t\t\t\t\t\t\t\t<div class=\"card-body\">\n\t\t\t\t\t\t\t\t\t<span class=\"card-date text-muted d-block mb-0\">08 abril 2026<\/span>\n\t\t\t\t\t\t\t\t\t<h3 class=\"card-title mb-2\">ILIP AT MACFRUT 2026 WITH SOLUTIONS FOR THE ENTIRE FRUIT AND VEGETABLE SUPPLY CHAIN, FROM PACKAGING FOR DELICATE FRUIT TO PROFESSIONAL NURSERY PRODUCTION<\/h3>\n\t\t\t\t\t\t\t\t\t<div class=\"card-text\">From AirWave T2T R-PET\u00ae punnets for berries to HortiPack solutions and bespoke product development: ILIP presents an integrated offering for the entire supply chain Valsamoggia (BO) 9th April 2026 \u2013 From 21th to 23rd April 2026, ILIP will be exhibiting at Macfrut 2026, at the Rimini Expo Centre, in Hall B3 \u2013 Stand 073, with [&hellip;]<\/div>\n\t\t\t\t\t\t\t\t\t<div class=\"card-button-wrapper\">\n\t\t\t\t\t\t\t\t\t\t<div class=\"d-block w-100 text-end\"><i class=\"fas fa-arrow-right\"><\/i><\/div>\n\t\t\t\t\t\t\t\t\t<\/div>\n\t\t\t\t\t\t\t\t<\/div>\n\t\t\t\t\t\t\t<\/a>\n\t\t\t\t\t\t<\/div>\n\t\t\t\t\t<\/div>\n<div class=\"col-xl-3 col-lg-6 offset-lg-0\">\n\t\t\t\t\t\t<div id=\"post-65446\" class=\"br-element card-element post-65446 post type-post status-publish format-standard has-post-thumbnail hentry category-ferias-y-eventos\" >\n\t\t\t\t\t\t\t<a class=\"card mb-3 d-block\" href=\"https:\/\/www.macfrut.com\/en\/\" title=\"Del 21 al 23 de abril en la Feria de Rimini.\">\n\t\t\t\t\t\t\t\t\n\t\t\t\t\t\t\t\t<div class=\"card-body\">\n\t\t\t\t\t\t\t\t\t<span class=\"card-date text-muted d-block mb-0\">09 marzo 2026<\/span>\n\t\t\t\t\t\t\t\t\t<h3 class=\"card-title mb-2\">Del 21 al 23 de abril en la Feria de Rimini.<\/h3>\n\t\t\t\t\t\t\t\t\t<div class=\"card-text\">\u00a1Vis\u00edtenos en la feria internacional de frutas y verduras! Nos encontrar\u00e1s en nuestro stand 073, en el pabell\u00f3n B3.<\/div>\n\t\t\t\t\t\t\t\t\t<div class=\"card-button-wrapper\">\n\t\t\t\t\t\t\t\t\t\t<div class=\"d-block w-100 text-end\"><i class=\"fas fa-arrow-right\"><\/i><\/div>\n\t\t\t\t\t\t\t\t\t<\/div>\n\t\t\t\t\t\t\t\t<\/div>\n\t\t\t\t\t\t\t<\/a>\n\t\t\t\t\t\t<\/div>\n\t\t\t\t\t<\/div>\n<div class=\"col-xl-3 col-lg-6 offset-lg-0\">\n\t\t\t\t\t\t<div id=\"post-65529\" class=\"br-element card-element post-65529 post type-post status-publish format-standard has-post-thumbnail hentry category-ferias-y-eventos\" >\n\t\t\t\t\t\t\t<a class=\"card mb-3 d-block\" href=\"https:\/\/www.ifema.es\/fruit-attraction-sao-paulo\/es\/inicio\/\" title=\"Del 24 al 26 de marzo, feria en S\u00e3o Paulo Expo Brasil\">\n\t\t\t\t\t\t\t\t\n\t\t\t\t\t\t\t\t<div class=\"card-body\">\n\t\t\t\t\t\t\t\t\t<span class=\"card-date text-muted d-block mb-0\">08 marzo 2026<\/span>\n\t\t\t\t\t\t\t\t\t<h3 class=\"card-title mb-2\">Del 24 al 26 de marzo, feria en S\u00e3o Paulo Expo Brasil<\/h3>\n\t\t\t\t\t\t\t\t\t<div class=\"card-text\">Te esperamos en el principal evento hortofrut\u00edcola del hemisferio sur, en el stand F31.<\/div>\n\t\t\t\t\t\t\t\t\t<div class=\"card-button-wrapper\">\n\t\t\t\t\t\t\t\t\t\t<div class=\"d-block w-100 text-end\"><i class=\"fas fa-arrow-right\"><\/i><\/div>\n\t\t\t\t\t\t\t\t\t<\/div>\n\t\t\t\t\t\t\t\t<\/div>\n\t\t\t\t\t\t\t<\/a>\n\t\t\t\t\t\t<\/div>\n\t\t\t\t\t<\/div>\n<div class=\"col-xl-3 col-lg-6 offset-lg-0\">\n\t\t\t\t\t\t<div id=\"post-64945\" class=\"br-element card-element post-64945 post type-post status-publish format-standard hentry category-todas-las-noticias\" >\n\t\t\t\t\t\t\t<a class=\"card mb-3 d-block\" href=\"https:\/\/www.ilip.it\/es\/todas-las-noticias\/ilip-at-fruit-logistica-2026-sustainable-packaging-solutions-combining-circularity-customisation-and-integrated-service\/\" title=\"ILIP AT FRUIT LOGISTICA 2026: SUSTAINABLE PACKAGING SOLUTIONS COMBINING CIRCULARITY, CUSTOMISATION AND INTEGRATED SERVICE\">\n\t\t\t\t\t\t\t\t\n\t\t\t\t\t\t\t\t<div class=\"card-body\">\n\t\t\t\t\t\t\t\t\t<span class=\"card-date text-muted d-block mb-0\">29 enero 2026<\/span>\n\t\t\t\t\t\t\t\t\t<h3 class=\"card-title mb-2\">ILIP AT FRUIT LOGISTICA 2026: SUSTAINABLE PACKAGING SOLUTIONS COMBINING CIRCULARITY, CUSTOMISATION AND INTEGRATED SERVICE<\/h3>\n\t\t\t\t\t\t\t\t\t<div class=\"card-text\">The Bologna-based company confirms its presence in Berlin with a complete range of products for fresh fruit and vegetables, from standard packaging to tailor-made solutions. At the heart of this offering is the T2T R-PET\u00ae circular economy model and the design support of the Sprint department. Valsamoggia (BO) 28 January 2026 \u2013 From 4 to [&hellip;]<\/div>\n\t\t\t\t\t\t\t\t\t<div class=\"card-button-wrapper\">\n\t\t\t\t\t\t\t\t\t\t<div class=\"d-block w-100 text-end\"><i class=\"fas fa-arrow-right\"><\/i><\/div>\n\t\t\t\t\t\t\t\t\t<\/div>\n\t\t\t\t\t\t\t\t<\/div>\n\t\t\t\t\t\t\t<\/a>\n\t\t\t\t\t\t<\/div>\n\t\t\t\t\t<\/div>\n<div class=\"col-xl-3 col-lg-6 offset-lg-0\">\n\t\t\t\t\t\t<div id=\"post-65090\" class=\"br-element card-element post-65090 post type-post status-publish format-standard hentry category-todas-las-noticias\" >\n\t\t\t\t\t\t\t<a class=\"card mb-3 d-block\" href=\"https:\/\/www.ilip.it\/es\/todas-las-noticias\/ilip-amplia-su-linea-hortipack-con-dos-nuevos-productos-r-pet-para-profesionales-de-la-jardineria\/\" title=\"ILIP AMPL\u00cdA SU L\u00cdNEA HORTIPACK CON DOS NUEVOS PRODUCTOS R-PET PARA PROFESIONALES DE LA JARDINER\u00cdA\">\n\t\t\t\t\t\t\t\t\n\t\t\t\t\t\t\t\t<div class=\"card-body\">\n\t\t\t\t\t\t\t\t\t<span class=\"card-date text-muted d-block mb-0\">20 enero 2026<\/span>\n\t\t\t\t\t\t\t\t\t<h3 class=\"card-title mb-2\">ILIP AMPL\u00cdA SU L\u00cdNEA HORTIPACK CON DOS NUEVOS PRODUCTOS R-PET PARA PROFESIONALES DE LA JARDINER\u00cdA<\/h3>\n\t\t\t\t\t\t\t\t\t<div class=\"card-text\">La empresa italiana refuerza su compromiso con la econom\u00eda circular y la innovaci\u00f3n sostenible y presenta en IPM Essen y Myplant&amp;garden 2026 sus nuevas soluciones HortiPack: alv\u00e9olos eco-hobby para un uso reducido de turba y macetas antracita de \u00d810 cm y \u00d814 cm en 100 % R-PET, completamente reciclables en el flujo PET. Valsamoggia (Bolonia), [&hellip;]<\/div>\n\t\t\t\t\t\t\t\t\t<div class=\"card-button-wrapper\">\n\t\t\t\t\t\t\t\t\t\t<div class=\"d-block w-100 text-end\"><i class=\"fas fa-arrow-right\"><\/i><\/div>\n\t\t\t\t\t\t\t\t\t<\/div>\n\t\t\t\t\t\t\t\t<\/div>\n\t\t\t\t\t\t\t<\/a>\n\t\t\t\t\t\t<\/div>\n\t\t\t\t\t<\/div>\n<div class=\"col-xl-3 col-lg-6 offset-lg-0\">\n\t\t\t\t\t\t<div id=\"post-64793\" class=\"br-element card-element post-64793 post type-post status-publish format-standard hentry category-todas-las-noticias\" >\n\t\t\t\t\t\t\t<a class=\"card mb-3 d-block\" href=\"https:\/\/www.ilip.it\/es\/todas-las-noticias\/ilip-at-marca-2026\/\" title=\"ILIP AT MARCA 2026\">\n\t\t\t\t\t\t\t\t\n\t\t\t\t\t\t\t\t<div class=\"card-body\">\n\t\t\t\t\t\t\t\t\t<span class=\"card-date text-muted d-block mb-0\">08 enero 2026<\/span>\n\t\t\t\t\t\t\t\t\t<h3 class=\"card-title mb-2\">ILIP AT MARCA 2026<\/h3>\n\t\t\t\t\t\t\t\t\t<div class=\"card-text\">ONE-STOP SHOP FOR FOOD PACKAGING AND PARTNER FOR PRIVATE LABEL BRANDS At Marca by BolognaFiere (14-15 January), ILIP presents itself as a \u2018one-stop shop\u2019 for food packaging and showcases its solutions for Food Service and Fresh Food Packaging. Valsamoggia (BO) 8 January 2026 \u2013 ILIP, a company of the ILPA Group, will participate in Marca [&hellip;]<\/div>\n\t\t\t\t\t\t\t\t\t<div class=\"card-button-wrapper\">\n\t\t\t\t\t\t\t\t\t\t<div class=\"d-block w-100 text-end\"><i class=\"fas fa-arrow-right\"><\/i><\/div>\n\t\t\t\t\t\t\t\t\t<\/div>\n\t\t\t\t\t\t\t\t<\/div>\n\t\t\t\t\t\t\t<\/a>\n\t\t\t\t\t\t<\/div>\n\t\t\t\t\t<\/div>\n<div class=\"col-xl-3 col-lg-6 offset-lg-0\">\n\t\t\t\t\t\t<div id=\"post-64201\" class=\"br-element card-element post-64201 post type-post status-publish format-standard has-post-thumbnail hentry category-ferias-y-eventos\" >\n\t\t\t\t\t\t\t<a class=\"card mb-3 d-block\" href=\"https:\/\/www.fruitlogistica.com\/en\" title=\"4-6 de febrero de 2026 en Messe Berlin\">\n\t\t\t\t\t\t\t\t\n\t\t\t\t\t\t\t\t<div class=\"card-body\">\n\t\t\t\t\t\t\t\t\t<span class=\"card-date text-muted d-block mb-0\">14 noviembre 2025<\/span>\n\t\t\t\t\t\t\t\t\t<h3 class=\"card-title mb-2\">4-6 de febrero de 2026 en Messe Berlin<\/h3>\n\t\t\t\t\t\t\t\t\t<div class=\"card-text\">\u00a1Nos vemos en la feria l\u00edder mundial del sector hortofrut\u00edcola! \u00a1Nos encontrar\u00e1s en nuestro stand D-51, en el pabell\u00f3n 5.2!<\/div>\n\t\t\t\t\t\t\t\t\t<div class=\"card-button-wrapper\">\n\t\t\t\t\t\t\t\t\t\t<div class=\"d-block w-100 text-end\"><i class=\"fas fa-arrow-right\"><\/i><\/div>\n\t\t\t\t\t\t\t\t\t<\/div>\n\t\t\t\t\t\t\t\t<\/div>\n\t\t\t\t\t\t\t<\/a>\n\t\t\t\t\t\t<\/div>\n\t\t\t\t\t<\/div>\n<div class=\"col-xl-3 col-lg-6 offset-lg-0\">\n\t\t\t\t\t\t<div id=\"post-64190\" class=\"br-element card-element post-64190 post type-post status-publish format-standard has-post-thumbnail hentry category-ferias-y-eventos\" >\n\t\t\t\t\t\t\t<a class=\"card mb-3 d-block\" href=\"https:\/\/www.marcabybolognafiere.com\/en\/home\/1348.html\" title=\"14 y 15 de enero en Bologna Fiere\">\n\t\t\t\t\t\t\t\t\n\t\t\t\t\t\t\t\t<div class=\"card-body\">\n\t\t\t\t\t\t\t\t\t<span class=\"card-date text-muted d-block mb-0\">14 noviembre 2025<\/span>\n\t\t\t\t\t\t\t\t\t<h3 class=\"card-title mb-2\">14 y 15 de enero en Bologna Fiere<\/h3>\n\t\t\t\t\t\t\t\t\t<div class=\"card-text\">Ven a visitarnos a nuestro stand C3 en el pabell\u00f3n 19, te esperamos en la feria dedicada a la marca del distribuidor, el punto de referencia para la distribuci\u00f3n moderna organizada (DMO).<\/div>\n\t\t\t\t\t\t\t\t\t<div class=\"card-button-wrapper\">\n\t\t\t\t\t\t\t\t\t\t<div class=\"d-block w-100 text-end\"><i class=\"fas fa-arrow-right\"><\/i><\/div>\n\t\t\t\t\t\t\t\t\t<\/div>\n\t\t\t\t\t\t\t\t<\/div>\n\t\t\t\t\t\t\t<\/a>\n\t\t\t\t\t\t<\/div>\n\t\t\t\t\t<\/div>\n<div class=\"col-xl-3 col-lg-6 offset-lg-0\">\n\t\t\t\t\t\t<div id=\"post-62053\" class=\"br-element card-element post-62053 post type-post status-publish format-standard hentry category-todas-las-noticias\" >\n\t\t\t\t\t\t\t<a class=\"card mb-3 d-block\" href=\"https:\/\/www.ilip.it\/es\/todas-las-noticias\/ilip-en-fruit-attraction-2025-protagonismo-de-los-frutos-rojos-reciclaje-t2t-y-un-escaparate-dedicado-a-hortipack\/\" title=\"ILIP EN FRUIT ATTRACTION 2025: PROTAGONISMO DE LOS FRUTOS ROJOS, RECICLAJE T2T Y UN ESCAPARATE DEDICADO A HORTIPACK\">\n\t\t\t\t\t\t\t\t\n\t\t\t\t\t\t\t\t<div class=\"card-body\">\n\t\t\t\t\t\t\t\t\t<span class=\"card-date text-muted d-block mb-0\">10 septiembre 2025<\/span>\n\t\t\t\t\t\t\t\t\t<h3 class=\"card-title mb-2\">ILIP EN FRUIT ATTRACTION 2025: PROTAGONISMO DE LOS FRUTOS ROJOS, RECICLAJE T2T Y UN ESCAPARATE DEDICADO A HORTIPACK<\/h3>\n\t\t\t\t\t\t\t\t\t<div class=\"card-text\">La empresa bolo\u00f1esa lleva a Madrid soluciones sostenibles e innovadoras para el sector hortofrut\u00edcola y del paisajismo y la jardiner\u00eda. Nueva disposici\u00f3n del stand con gran pantalla dedicada al proceso de reciclaje \u00abtray to tray\u00bb. Valsamoggia (BO) 8 de septiembre de 2025 \u2013 Del 30 de septiembre al 2 de octubre ILIP ser\u00e1 protagonista de [&hellip;]<\/div>\n\t\t\t\t\t\t\t\t\t<div class=\"card-button-wrapper\">\n\t\t\t\t\t\t\t\t\t\t<div class=\"d-block w-100 text-end\"><i class=\"fas fa-arrow-right\"><\/i><\/div>\n\t\t\t\t\t\t\t\t\t<\/div>\n\t\t\t\t\t\t\t\t<\/div>\n\t\t\t\t\t\t\t<\/a>\n\t\t\t\t\t\t<\/div>\n\t\t\t\t\t<\/div>\n<div class=\"col-xl-3 col-lg-6 offset-lg-0\">\n\t\t\t\t\t\t<div id=\"post-52554\" class=\"br-element card-element post-52554 post type-post status-publish format-standard has-post-thumbnail hentry category-ferias-y-eventos\" >\n\t\t\t\t\t\t\t<a class=\"card mb-3 d-block\" href=\"https:\/\/www.expo-se.de\/en\/\" title=\"expoSE 2025\">\n\t\t\t\t\t\t\t\t\n\t\t\t\t\t\t\t\t<div class=\"card-body\">\n\t\t\t\t\t\t\t\t\t<span class=\"card-date text-muted d-block mb-0\">15 julio 2025<\/span>\n\t\t\t\t\t\t\t\t\t<h3 class=\"card-title mb-2\">expoSE 2025<\/h3>\n\t\t\t\t\t\t\t\t\t<div class=\"card-text\">Le esperamos en la feria l\u00edder europea de la fresa y el esp\u00e1rrago los d\u00edas 19 y 20 de noviembre de 2025 en la Feria de Karlsruhe.<\/div>\n\t\t\t\t\t\t\t\t\t<div class=\"card-button-wrapper\">\n\t\t\t\t\t\t\t\t\t\t<div class=\"d-block w-100 text-end\"><i class=\"fas fa-arrow-right\"><\/i><\/div>\n\t\t\t\t\t\t\t\t\t<\/div>\n\t\t\t\t\t\t\t\t<\/div>\n\t\t\t\t\t\t\t<\/a>\n\t\t\t\t\t\t<\/div>\n\t\t\t\t\t<\/div>\n<div class=\"col-xl-3 col-lg-6 offset-lg-0\">\n\t\t\t\t\t\t<div id=\"post-50868\" class=\"br-element card-element post-50868 post type-post status-publish format-standard has-post-thumbnail hentry category-ferias-y-eventos\" >\n\t\t\t\t\t\t\t<a class=\"card mb-3 d-block\" href=\"https:\/\/www.cibustecforum.it\/en\/home\/\" title=\"Cibus Tec Forum, 28\/10 y 29\/10\/2025 en Parma\">\n\t\t\t\t\t\t\t\t\n\t\t\t\t\t\t\t\t<div class=\"card-body\">\n\t\t\t\t\t\t\t\t\t<span class=\"card-date text-muted d-block mb-0\">08 julio 2025<\/span>\n\t\t\t\t\t\t\t\t\t<h3 class=\"card-title mb-2\">Cibus Tec Forum, 28\/10 y 29\/10\/2025 en Parma<\/h3>\n\t\t\t\t\t\t\t\t\t<div class=\"card-text\">La exposici\u00f3n y conferencia que revoluciona la Tecnolog\u00eda Alimentaria.\r\nLe esperamos en Parma.<\/div>\n\t\t\t\t\t\t\t\t\t<div class=\"card-button-wrapper\">\n\t\t\t\t\t\t\t\t\t\t<div class=\"d-block w-100 text-end\"><i class=\"fas fa-arrow-right\"><\/i><\/div>\n\t\t\t\t\t\t\t\t\t<\/div>\n\t\t\t\t\t\t\t\t<\/div>\n\t\t\t\t\t\t\t<\/a>\n\t\t\t\t\t\t<\/div>\n\t\t\t\t\t<\/div>\n<div class=\"col-xl-3 col-lg-6 offset-lg-0\">\n\t\t\t\t\t\t<div id=\"post-47899\" class=\"br-element card-element post-47899 post type-post status-publish format-standard has-post-thumbnail hentry category-ferias-y-eventos\" >\n\t\t\t\t\t\t\t<a class=\"card mb-3 d-block\" href=\"https:\/\/saudi-agriculture.com\/\" title=\"Saudi Agriculture 2025\">\n\t\t\t\t\t\t\t\t\n\t\t\t\t\t\t\t\t<div class=\"card-body\">\n\t\t\t\t\t\t\t\t\t<span class=\"card-date text-muted d-block mb-0\">24 junio 2025<\/span>\n\t\t\t\t\t\t\t\t\t<h3 class=\"card-title mb-2\">Saudi Agriculture 2025<\/h3>\n\t\t\t\t\t\t\t\t\t<div class=\"card-text\">Estamos encantados de participar por primera vez en esta importante feria. Esperamos verle en nuestro stand 5-123 a Riyadh International Convention &amp; Exhibition Centre, Arabia Saud\u00ec.<\/div>\n\t\t\t\t\t\t\t\t\t<div class=\"card-button-wrapper\">\n\t\t\t\t\t\t\t\t\t\t<div class=\"d-block w-100 text-end\"><i class=\"fas fa-arrow-right\"><\/i><\/div>\n\t\t\t\t\t\t\t\t\t<\/div>\n\t\t\t\t\t\t\t\t<\/div>\n\t\t\t\t\t\t\t<\/a>\n\t\t\t\t\t\t<\/div>\n\t\t\t\t\t<\/div>\n<div class=\"col-xl-3 col-lg-6 offset-lg-0\">\n\t\t\t\t\t\t<div id=\"post-41749\" class=\"br-element card-element post-41749 post type-post status-publish format-standard has-post-thumbnail hentry category-ferias-y-eventos\" >\n\t\t\t\t\t\t\t<a class=\"card mb-3 d-block\" href=\"https:\/\/www.ifema.es\/fruit-attraction\" title=\"Fruit Attraction 2025, 30 septiembre \u2013 2 octubre en Madrid\">\n\t\t\t\t\t\t\t\t\n\t\t\t\t\t\t\t\t<div class=\"card-body\">\n\t\t\t\t\t\t\t\t\t<span class=\"card-date text-muted d-block mb-0\">20 mayo 2025<\/span>\n\t\t\t\t\t\t\t\t\t<h3 class=\"card-title mb-2\">Fruit Attraction 2025, 30 septiembre \u2013 2 octubre en Madrid<\/h3>\n\t\t\t\t\t\t\t\t\t<div class=\"card-text\">Estaremos encantados de darle la bienvenida en nuestro stand 9B21.<\/div>\n\t\t\t\t\t\t\t\t\t<div class=\"card-button-wrapper\">\n\t\t\t\t\t\t\t\t\t\t<div class=\"d-block w-100 text-end\"><i class=\"fas fa-arrow-right\"><\/i><\/div>\n\t\t\t\t\t\t\t\t\t<\/div>\n\t\t\t\t\t\t\t\t<\/div>\n\t\t\t\t\t\t\t<\/a>\n\t\t\t\t\t\t<\/div>\n\t\t\t\t\t<\/div>\n<div class=\"col-xl-3 col-lg-6 offset-lg-0\">\n\t\t\t\t\t\t<div id=\"post-37358\" class=\"br-element card-element post-37358 post type-post status-publish format-standard hentry category-todas-las-noticias\" >\n\t\t\t\t\t\t\t<a class=\"card mb-3 d-block\" href=\"https:\/\/www.ilip.it\/es\/todas-las-noticias\/ilip-at-macfrut-2025-focus-on-innovative-packaging-for-berries-and-commitment-to-sustainability\/\" title=\"ILIP AT MACFRUT 2025: FOCUS ON INNOVATIVE PACKAGING FOR BERRIES AND COMMITMENT TO SUSTAINABILITY\">\n\t\t\t\t\t\t\t\t\n\t\t\t\t\t\t\t\t<div class=\"card-body\">\n\t\t\t\t\t\t\t\t\t<span class=\"card-date text-muted d-block mb-0\">09 abril 2025<\/span>\n\t\t\t\t\t\t\t\t\t<h3 class=\"card-title mb-2\">ILIP AT MACFRUT 2025: FOCUS ON INNOVATIVE PACKAGING FOR BERRIES AND COMMITMENT TO SUSTAINABILITY<\/h3>\n\t\t\t\t\t\t\t\t\t<div class=\"card-text\">The Bologna-based company will be in Rimini with innovative and sustainable solutions for fresh fruit and vegetables. Protagonist also in the Berry Area as Gold Sponsor with a speech dedicated to packaging for berries. Bologna (8 April 2025) &#8211; On the occasion of the 42nd edition of Macfrut, the international exhibition dedicated to the fruit [&hellip;]<\/div>\n\t\t\t\t\t\t\t\t\t<div class=\"card-button-wrapper\">\n\t\t\t\t\t\t\t\t\t\t<div class=\"d-block w-100 text-end\"><i class=\"fas fa-arrow-right\"><\/i><\/div>\n\t\t\t\t\t\t\t\t\t<\/div>\n\t\t\t\t\t\t\t\t<\/div>\n\t\t\t\t\t\t\t<\/a>\n\t\t\t\t\t\t<\/div>\n\t\t\t\t\t<\/div>\n<div class=\"col-xl-3 col-lg-6 offset-lg-0\">\n\t\t\t\t\t\t<div id=\"post-35512\" class=\"br-element card-element post-35512 post type-post status-publish format-standard has-post-thumbnail hentry category-ferias-y-eventos\" >\n\t\t\t\t\t\t\t<a class=\"card mb-3 d-block\" href=\"https:\/\/www.macfrut.com\/en\/\" title=\"Macfrut 2025\">\n\t\t\t\t\t\t\t\t\n\t\t\t\t\t\t\t\t<div class=\"card-body\">\n\t\t\t\t\t\t\t\t\t<span class=\"card-date text-muted d-block mb-0\">20 marzo 2025<\/span>\n\t\t\t\t\t\t\t\t\t<h3 class=\"card-title mb-2\">Macfrut 2025<\/h3>\n\t\t\t\t\t\t\t\t\t<div class=\"card-text\">Esperamos verle en nuestro stand 115 del pabell\u00f3n B3.<\/div>\n\t\t\t\t\t\t\t\t\t<div class=\"card-button-wrapper\">\n\t\t\t\t\t\t\t\t\t\t<div class=\"d-block w-100 text-end\"><i class=\"fas fa-arrow-right\"><\/i><\/div>\n\t\t\t\t\t\t\t\t\t<\/div>\n\t\t\t\t\t\t\t\t<\/div>\n\t\t\t\t\t\t\t<\/a>\n\t\t\t\t\t\t<\/div>\n\t\t\t\t\t<\/div>\n<div class=\"col-xl-3 col-lg-6 offset-lg-0\">\n\t\t\t\t\t\t<div id=\"post-35833\" class=\"br-element card-element post-35833 post type-post status-publish format-standard has-post-thumbnail hentry category-ferias-y-eventos\" >\n\t\t\t\t\t\t\t<a class=\"card mb-3 d-block\" href=\"https:\/\/www.ifema.es\/fruit-attraction-sao-paulo\/es\/inicio\/\" title=\"Fruit Attraction S\u00e3o Paulo\">\n\t\t\t\t\t\t\t\t\n\t\t\t\t\t\t\t\t<div class=\"card-body\">\n\t\t\t\t\t\t\t\t\t<span class=\"card-date text-muted d-block mb-0\">20 marzo 2025<\/span>\n\t\t\t\t\t\t\t\t\t<h3 class=\"card-title mb-2\">Fruit Attraction S\u00e3o Paulo<\/h3>\n\t\t\t\t\t\t\t\t\t<div class=\"card-text\">Esperamos verle en nuestro stand G105\/G107.<\/div>\n\t\t\t\t\t\t\t\t\t<div class=\"card-button-wrapper\">\n\t\t\t\t\t\t\t\t\t\t<div class=\"d-block w-100 text-end\"><i class=\"fas fa-arrow-right\"><\/i><\/div>\n\t\t\t\t\t\t\t\t\t<\/div>\n\t\t\t\t\t\t\t\t<\/div>\n\t\t\t\t\t\t\t<\/a>\n\t\t\t\t\t\t<\/div>\n\t\t\t\t\t<\/div>\n\t\t\t\t\t\t\t\t\t<\/div>\n\t\t\t\t\t\t\t\t<\/div>\n\t\t\t\t\t\t\t<\/div>\n\t\t\t\t\t\t<\/section>[\/vc_column][\/vc_row]<\/p>\n<\/div>","protected":false},"excerpt":{"rendered":"<p>[vc_row css=\u00bb.vc_custom_1695654277300{padding-top: 4em !important;padding-right: 1em !important;padding-bottom: 4em !important;padding-left: 1em !important;}\u00bb][vc_column width=\u00bb1\/12&#8243;][\/vc_column][vc_column width=\u00bb10\/12&#8243; el_class=\u00bbhome-semi-bordered-block\u00bb][vc_column_text css_animation=\u00bbnone\u00bb el_class=\u00bbbig-text\u00bb]Desde hace m\u00e1s de 50 a\u00f1os en Ilip desarrollamos soluciones de embalaje para alimentos de pl\u00e1stico termoformado y de material compostable, capaces de valorizar los productos de los clientes y de mejorar la experiencia del consumidor final. Lo hacemos con toda [&hellip;]<\/p>\n","protected":false},"author":1,"featured_media":0,"parent":0,"menu_order":0,"comment_status":"closed","ping_status":"closed","template":"","meta":{"_acf_changed":false,"footnotes":""},"class_list":["post-1530","page","type-page","status-publish","hentry"],"acf":[],"yoast_head":"<!-- This site is optimized with the Yoast SEO plugin v27.4 - https:\/\/yoast.com\/product\/yoast-seo-wordpress\/ -->\n<title>ILIP Passion for Packaging | Soluciones de envasado para alimentos<\/title>\n<meta name=\"description\" content=\"Ilip es l\u00edder en soluciones de envasado de alimentos para frutas y verduras y vajillas desechables en pl\u00e1stico y biopl\u00e1stico.\" \/>\n<meta name=\"robots\" content=\"index, follow, max-snippet:-1, max-image-preview:large, max-video-preview:-1\" \/>\n<link rel=\"canonical\" href=\"https:\/\/www.ilip.it\/es\/\" \/>\n<meta property=\"og:locale\" content=\"es_ES\" \/>\n<meta property=\"og:type\" content=\"article\" \/>\n<meta property=\"og:title\" content=\"ILIP Passion for Packaging | Soluciones de envasado para alimentos\" \/>\n<meta property=\"og:description\" content=\"Ilip es l\u00edder en soluciones de envasado de alimentos para frutas y verduras y vajillas desechables en pl\u00e1stico y biopl\u00e1stico.\" \/>\n<meta property=\"og:url\" content=\"https:\/\/www.ilip.it\/es\/\" \/>\n<meta property=\"og:site_name\" content=\"ILIP S.r.l.\" \/>\n<meta property=\"article:modified_time\" content=\"2026-03-30T13:52:39+00:00\" \/>\n<meta name=\"twitter:card\" content=\"summary_large_image\" \/>\n<meta name=\"twitter:label1\" content=\"Tiempo de lectura\" \/>\n\t<meta name=\"twitter:data1\" content=\"4 minutos\" \/>\n<script type=\"application\/ld+json\" class=\"yoast-schema-graph\">{\"@context\":\"https:\\\/\\\/schema.org\",\"@graph\":[{\"@type\":\"WebPage\",\"@id\":\"https:\\\/\\\/www.ilip.it\\\/es\\\/\",\"url\":\"https:\\\/\\\/www.ilip.it\\\/es\\\/\",\"name\":\"ILIP Passion for Packaging | Soluciones de envasado para alimentos\",\"isPartOf\":{\"@id\":\"https:\\\/\\\/www.ilip.it\\\/es\\\/#website\"},\"datePublished\":\"2017-10-25T07:37:52+00:00\",\"dateModified\":\"2026-03-30T13:52:39+00:00\",\"description\":\"Ilip es l\u00edder en soluciones de envasado de alimentos para frutas y verduras y vajillas desechables en pl\u00e1stico y biopl\u00e1stico.\",\"breadcrumb\":{\"@id\":\"https:\\\/\\\/www.ilip.it\\\/es\\\/#breadcrumb\"},\"inLanguage\":\"es\",\"potentialAction\":[{\"@type\":\"ReadAction\",\"target\":[\"https:\\\/\\\/www.ilip.it\\\/es\\\/\"]}]},{\"@type\":\"BreadcrumbList\",\"@id\":\"https:\\\/\\\/www.ilip.it\\\/es\\\/#breadcrumb\",\"itemListElement\":[{\"@type\":\"ListItem\",\"position\":1,\"name\":\"Home\",\"item\":\"https:\\\/\\\/www.ilip.it\\\/es\\\/\"},{\"@type\":\"ListItem\",\"position\":2,\"name\":\"Home page\"}]},{\"@type\":\"WebSite\",\"@id\":\"https:\\\/\\\/www.ilip.it\\\/es\\\/#website\",\"url\":\"https:\\\/\\\/www.ilip.it\\\/es\\\/\",\"name\":\"ILIP S.r.l.\",\"description\":\"Passion for packaging\",\"publisher\":{\"@id\":\"https:\\\/\\\/www.ilip.it\\\/es\\\/#organization\"},\"potentialAction\":[{\"@type\":\"SearchAction\",\"target\":{\"@type\":\"EntryPoint\",\"urlTemplate\":\"https:\\\/\\\/www.ilip.it\\\/es\\\/?s={search_term_string}\"},\"query-input\":{\"@type\":\"PropertyValueSpecification\",\"valueRequired\":true,\"valueName\":\"search_term_string\"}}],\"inLanguage\":\"es\"},{\"@type\":\"Organization\",\"@id\":\"https:\\\/\\\/www.ilip.it\\\/es\\\/#organization\",\"name\":\"Ilip S.r.l.\",\"url\":\"https:\\\/\\\/www.ilip.it\\\/es\\\/\",\"logo\":{\"@type\":\"ImageObject\",\"inLanguage\":\"es\",\"@id\":\"https:\\\/\\\/www.ilip.it\\\/es\\\/#\\\/schema\\\/logo\\\/image\\\/\",\"url\":\"https:\\\/\\\/www.ilip.it\\\/wp-content\\\/uploads\\\/2018\\\/01\\\/ilip-srl-passion-for-packaging-logo.png\",\"contentUrl\":\"https:\\\/\\\/www.ilip.it\\\/wp-content\\\/uploads\\\/2018\\\/01\\\/ilip-srl-passion-for-packaging-logo.png\",\"width\":180,\"height\":130,\"caption\":\"Ilip S.r.l.\"},\"image\":{\"@id\":\"https:\\\/\\\/www.ilip.it\\\/es\\\/#\\\/schema\\\/logo\\\/image\\\/\"}}]}<\/script>\n<!-- \/ Yoast SEO plugin. -->","yoast_head_json":{"title":"ILIP Passion for Packaging | Soluciones de envasado para alimentos","description":"Ilip es l\u00edder en soluciones de envasado de alimentos para frutas y verduras y vajillas desechables en pl\u00e1stico y biopl\u00e1stico.","robots":{"index":"index","follow":"follow","max-snippet":"max-snippet:-1","max-image-preview":"max-image-preview:large","max-video-preview":"max-video-preview:-1"},"canonical":"https:\/\/www.ilip.it\/es\/","og_locale":"es_ES","og_type":"article","og_title":"ILIP Passion for Packaging | Soluciones de envasado para alimentos","og_description":"Ilip es l\u00edder en soluciones de envasado de alimentos para frutas y verduras y vajillas desechables en pl\u00e1stico y biopl\u00e1stico.","og_url":"https:\/\/www.ilip.it\/es\/","og_site_name":"ILIP S.r.l.","article_modified_time":"2026-03-30T13:52:39+00:00","twitter_card":"summary_large_image","twitter_misc":{"Tiempo de lectura":"4 minutos"},"schema":{"@context":"https:\/\/schema.org","@graph":[{"@type":"WebPage","@id":"https:\/\/www.ilip.it\/es\/","url":"https:\/\/www.ilip.it\/es\/","name":"ILIP Passion for Packaging | Soluciones de envasado para alimentos","isPartOf":{"@id":"https:\/\/www.ilip.it\/es\/#website"},"datePublished":"2017-10-25T07:37:52+00:00","dateModified":"2026-03-30T13:52:39+00:00","description":"Ilip es l\u00edder en soluciones de envasado de alimentos para frutas y verduras y vajillas desechables en pl\u00e1stico y biopl\u00e1stico.","breadcrumb":{"@id":"https:\/\/www.ilip.it\/es\/#breadcrumb"},"inLanguage":"es","potentialAction":[{"@type":"ReadAction","target":["https:\/\/www.ilip.it\/es\/"]}]},{"@type":"BreadcrumbList","@id":"https:\/\/www.ilip.it\/es\/#breadcrumb","itemListElement":[{"@type":"ListItem","position":1,"name":"Home","item":"https:\/\/www.ilip.it\/es\/"},{"@type":"ListItem","position":2,"name":"Home page"}]},{"@type":"WebSite","@id":"https:\/\/www.ilip.it\/es\/#website","url":"https:\/\/www.ilip.it\/es\/","name":"ILIP S.r.l.","description":"Passion for packaging","publisher":{"@id":"https:\/\/www.ilip.it\/es\/#organization"},"potentialAction":[{"@type":"SearchAction","target":{"@type":"EntryPoint","urlTemplate":"https:\/\/www.ilip.it\/es\/?s={search_term_string}"},"query-input":{"@type":"PropertyValueSpecification","valueRequired":true,"valueName":"search_term_string"}}],"inLanguage":"es"},{"@type":"Organization","@id":"https:\/\/www.ilip.it\/es\/#organization","name":"Ilip S.r.l.","url":"https:\/\/www.ilip.it\/es\/","logo":{"@type":"ImageObject","inLanguage":"es","@id":"https:\/\/www.ilip.it\/es\/#\/schema\/logo\/image\/","url":"https:\/\/www.ilip.it\/wp-content\/uploads\/2018\/01\/ilip-srl-passion-for-packaging-logo.png","contentUrl":"https:\/\/www.ilip.it\/wp-content\/uploads\/2018\/01\/ilip-srl-passion-for-packaging-logo.png","width":180,"height":130,"caption":"Ilip S.r.l."},"image":{"@id":"https:\/\/www.ilip.it\/es\/#\/schema\/logo\/image\/"}}]}},"_links":{"self":[{"href":"https:\/\/www.ilip.it\/es\/wp-json\/wp\/v2\/pages\/1530","targetHints":{"allow":["GET"]}}],"collection":[{"href":"https:\/\/www.ilip.it\/es\/wp-json\/wp\/v2\/pages"}],"about":[{"href":"https:\/\/www.ilip.it\/es\/wp-json\/wp\/v2\/types\/page"}],"author":[{"embeddable":true,"href":"https:\/\/www.ilip.it\/es\/wp-json\/wp\/v2\/users\/1"}],"replies":[{"embeddable":true,"href":"https:\/\/www.ilip.it\/es\/wp-json\/wp\/v2\/comments?post=1530"}],"version-history":[{"count":128,"href":"https:\/\/www.ilip.it\/es\/wp-json\/wp\/v2\/pages\/1530\/revisions"}],"predecessor-version":[{"id":65855,"href":"https:\/\/www.ilip.it\/es\/wp-json\/wp\/v2\/pages\/1530\/revisions\/65855"}],"wp:attachment":[{"href":"https:\/\/www.ilip.it\/es\/wp-json\/wp\/v2\/media?parent=1530"}],"curies":[{"name":"wp","href":"https:\/\/api.w.org\/{rel}","templated":true}]}}